{"id":9400,"date":"2022-03-04T14:12:55","date_gmt":"2022-03-04T13:12:55","guid":{"rendered":"https:\/\/relaunch.schwarz-matt.com\/?page_id=9400"},"modified":"2026-03-30T13:41:46","modified_gmt":"2026-03-30T11:41:46","slug":"social-media-manager","status":"publish","type":"page","link":"https:\/\/www.schwarz-matt.com\/de\/karriere\/social-media-manager\/","title":{"rendered":"Social Media Manager"},"content":{"rendered":"\t\t<div data-elementor-type=\"wp-page\" data-elementor-id=\"9400\" class=\"elementor elementor-9400\" data-elementor-post-type=\"page\">\n\t\t\t\t<div class=\"elementor-element elementor-element-a8b1bce e-con-full e-flex e-con e-parent\" data-id=\"a8b1bce\" data-element_type=\"container\" data-e-type=\"container\" data-settings=\"{&quot;background_background&quot;:&quot;classic&quot;}\">\n\t\t\t\t<div class=\"elementor-element elementor-element-ef9bb20 pt-300 elementor-widget elementor-widget-jet-engine-component-34656\" data-id=\"ef9bb20\" data-element_type=\"widget\" data-e-type=\"widget\" data-widget_type=\"jet-engine-component-34656.default\">\n\t\t\t\t<div class=\"elementor-widget-container\">\n\t\t\t\t\t<style>.elementor-34656 .elementor-element.elementor-element-24b27fa{--display:flex;--flex-direction:column;--container-widget-width:100%;--container-widget-height:initial;--container-widget-flex-grow:0;--container-widget-align-self:initial;--flex-wrap-mobile:wrap;--gap:0px 0px;--row-gap:0px;--column-gap:0px;}.elementor-34656 .elementor-element.elementor-element-24b27fa:not(.elementor-motion-effects-element-type-background), .elementor-34656 .elementor-element.elementor-element-24b27fa > .elementor-motion-effects-container > .elementor-motion-effects-layer{background-color:var( --e-global-color-secondary );}.elementor-34656 .elementor-element.elementor-element-db80e06 .elementor-heading-title{color:var( --e-global-color-primary );}.elementor-34656 .elementor-element.elementor-element-f1b16d0 .elementor-heading-title{color:var( --e-global-color-10a775a );}<\/style>\t\t<div data-elementor-type=\"jet-engine-component\" data-elementor-id=\"34656\" class=\"elementor elementor-34656 jet-listing-grid--34656 jet-component-instance-3916\" data-elementor-post-type=\"jet-engine\" style=\"\">\n\t\t\t\t<div class=\"elementor-element elementor-element-24b27fa e-con-full wrapper-sm e-flex e-con e-parent\" data-id=\"24b27fa\" data-element_type=\"container\" data-e-type=\"container\" data-settings=\"{&quot;background_background&quot;:&quot;classic&quot;}\">\n\t\t\t\t<div class=\"elementor-element elementor-element-db80e06 h1-headline pb-100 elementor-invisible elementor-widget elementor-widget-heading\" data-id=\"db80e06\" data-element_type=\"widget\" data-e-type=\"widget\" data-settings=\"{&quot;_animation&quot;:&quot;fadeInUp&quot;}\" data-widget_type=\"heading.default\">\n\t\t\t\t<div class=\"elementor-widget-container\">\n\t\t\t\t\t<h1 class=\"elementor-heading-title elementor-size-default\">Social Media Manager (m\/w\/d)<\/h1>\t\t\t\t<\/div>\n\t\t\t\t<\/div>\n\t\t\t\t<div class=\"elementor-element elementor-element-f1b16d0 h2-headline elementor-invisible elementor-widget elementor-widget-heading\" data-id=\"f1b16d0\" data-element_type=\"widget\" data-e-type=\"widget\" data-settings=\"{&quot;_animation&quot;:&quot;fadeInUp&quot;}\" data-widget_type=\"heading.default\">\n\t\t\t\t<div class=\"elementor-widget-container\">\n\t\t\t\t\t<h2 class=\"elementor-heading-title elementor-size-default\">Deine Superpower? Social Media Kan\u00e4le und Post-Management. Komm' ins Team und setze deine Superkr\u00e4fte f\u00fcr unsere Kund:innen ein!<\/h2>\t\t\t\t<\/div>\n\t\t\t\t<\/div>\n\t\t\t\t<\/div>\n\t\t\t\t<\/div>\n\t\t\t\t\t\t<\/div>\n\t\t\t\t<\/div>\n\t\t\t\t<div class=\"elementor-element elementor-element-403ff60 pt-300 elementor-widget elementor-widget-jet-engine-component-34640\" data-id=\"403ff60\" data-element_type=\"widget\" data-e-type=\"widget\" data-widget_type=\"jet-engine-component-34640.default\">\n\t\t\t\t<div class=\"elementor-widget-container\">\n\t\t\t\t\t<style>.elementor-34640 .elementor-element.elementor-element-45a88e1{--display:flex;--flex-direction:column;--container-widget-width:100%;--container-widget-height:initial;--container-widget-flex-grow:0;--container-widget-align-self:initial;--flex-wrap-mobile:wrap;--gap:0px 0px;--row-gap:0px;--column-gap:0px;}.elementor-34640 .elementor-element.elementor-element-45a88e1:not(.elementor-motion-effects-element-type-background), .elementor-34640 .elementor-element.elementor-element-45a88e1 > .elementor-motion-effects-container > .elementor-motion-effects-layer{background-color:var( --e-global-color-secondary );}.elementor-34640 .elementor-element.elementor-element-4aefab2 img{width:100%;}<\/style>\t\t<div data-elementor-type=\"jet-engine-component\" data-elementor-id=\"34640\" class=\"elementor elementor-34640 jet-listing-grid--34640 jet-component-instance-1141\" data-elementor-post-type=\"jet-engine\" style=\"\">\n\t\t\t\t<div class=\"elementor-element elementor-element-45a88e1 e-con-full wrapper-sm e-flex e-con e-parent\" data-id=\"45a88e1\" data-element_type=\"container\" data-e-type=\"container\" data-settings=\"{&quot;background_background&quot;:&quot;classic&quot;}\">\n\t\t\t\t<div class=\"elementor-element elementor-element-4aefab2 img-16-9 elementor-widget elementor-widget-image\" data-id=\"4aefab2\" data-element_type=\"widget\" data-e-type=\"widget\" data-widget_type=\"image.default\">\n\t\t\t\t<div class=\"elementor-widget-container\">\n\t\t\t\t\t\t\t\t\t\t\t\t\t\t\t<img decoding=\"async\" width=\"7008\" height=\"4672\" src=\"https:\/\/www.schwarz-matt.com\/wp-content\/uploads\/2022\/03\/2023-06-29_SchwarzMatt_Moods_050-sw-min.jpg\" class=\"attachment-full size-full wp-image-38172\" alt=\"\" srcset=\"https:\/\/www.schwarz-matt.com\/wp-content\/uploads\/2022\/03\/2023-06-29_SchwarzMatt_Moods_050-sw-min.jpg 7008w, https:\/\/www.schwarz-matt.com\/wp-content\/uploads\/2022\/03\/2023-06-29_SchwarzMatt_Moods_050-sw-min-300x200.jpg 300w, https:\/\/www.schwarz-matt.com\/wp-content\/uploads\/2022\/03\/2023-06-29_SchwarzMatt_Moods_050-sw-min-1024x683.jpg 1024w, https:\/\/www.schwarz-matt.com\/wp-content\/uploads\/2022\/03\/2023-06-29_SchwarzMatt_Moods_050-sw-min-768x512.jpg 768w, https:\/\/www.schwarz-matt.com\/wp-content\/uploads\/2022\/03\/2023-06-29_SchwarzMatt_Moods_050-sw-min-1536x1024.jpg 1536w, https:\/\/www.schwarz-matt.com\/wp-content\/uploads\/2022\/03\/2023-06-29_SchwarzMatt_Moods_050-sw-min-2048x1365.jpg 2048w\" sizes=\"(max-width: 7008px) 100vw, 7008px\" \/>\t\t\t\t\t\t\t\t\t\t\t\t\t\t\t<\/div>\n\t\t\t\t<\/div>\n\t\t\t\t<\/div>\n\t\t\t\t<\/div>\n\t\t\t\t\t\t<\/div>\n\t\t\t\t<\/div>\n\t\t\t\t<div class=\"elementor-element elementor-element-6701619 pt-300 elementor-widget elementor-widget-jet-engine-component-35572\" data-id=\"6701619\" data-element_type=\"widget\" data-e-type=\"widget\" data-widget_type=\"jet-engine-component-35572.default\">\n\t\t\t\t<div class=\"elementor-widget-container\">\n\t\t\t\t\t<style>.elementor-35572 .elementor-element.elementor-element-72b025d{--display:flex;--flex-direction:column;--container-widget-width:100%;--container-widget-height:initial;--container-widget-flex-grow:0;--container-widget-align-self:initial;--flex-wrap-mobile:wrap;--gap:0px 0px;--row-gap:0px;--column-gap:0px;}.elementor-35572 .elementor-element.elementor-element-72b025d:not(.elementor-motion-effects-element-type-background), .elementor-35572 .elementor-element.elementor-element-72b025d > .elementor-motion-effects-container > .elementor-motion-effects-layer{background-color:var( --e-global-color-secondary );}.elementor-35572 .elementor-element.elementor-element-72b025d.e-con{--flex-grow:0;--flex-shrink:0;}.elementor-35572 .elementor-element.elementor-element-8bf97f0{--display:grid;--e-con-grid-template-columns:repeat(12, 1fr);--e-con-grid-template-rows:repeat(1, 1fr);--gap:var(--space-32) var(--space-32);--row-gap:var(--space-32);--column-gap:var(--space-32);--grid-auto-flow:row;}.elementor-35572 .elementor-element.elementor-element-8bf97f0:not(.elementor-motion-effects-element-type-background), .elementor-35572 .elementor-element.elementor-element-8bf97f0 > .elementor-motion-effects-container > .elementor-motion-effects-layer{background-color:var( --e-global-color-secondary );}.elementor-35572 .elementor-element.elementor-element-bf10788{--display:flex;--gap:0px 0px;--row-gap:0px;--column-gap:0px;grid-column:span 5;}.elementor-35572 .elementor-element.elementor-element-92e62b4 .elementor-heading-title{color:var( --e-global-color-primary );}.elementor-35572 .elementor-element.elementor-element-d604aff{--display:flex;--gap:0px 0px;--row-gap:0px;--column-gap:0px;grid-column:span 6;}.elementor-35572 .elementor-element.elementor-element-19ba10b .elementor-heading-title{color:var( --e-global-color-primary );}.elementor-35572 .elementor-element.elementor-element-5255633{color:var( --e-global-color-primary );}@media(max-width:1366px){.elementor-35572 .elementor-element.elementor-element-8bf97f0{--grid-auto-flow:row;}}@media(max-width:1280px){.elementor-35572 .elementor-element.elementor-element-8bf97f0{--grid-auto-flow:row;}}@media(max-width:1200px){.elementor-35572 .elementor-element.elementor-element-8bf97f0{--grid-auto-flow:row;}}@media(max-width:880px){.elementor-35572 .elementor-element.elementor-element-8bf97f0{--e-con-grid-template-rows:1fr;--grid-auto-flow:row;}}@media(max-width:767px){.elementor-35572 .elementor-element.elementor-element-8bf97f0{--e-con-grid-template-columns:repeat(4, 1fr);--grid-auto-flow:row;}.elementor-35572 .elementor-element.elementor-element-bf10788{grid-column:span 4;}.elementor-35572 .elementor-element.elementor-element-d604aff{grid-column:span 4;}}@media(min-width:1920px){.elementor-35572 .elementor-element.elementor-element-8bf97f0{--grid-auto-flow:row;}}<\/style>\t\t<div data-elementor-type=\"jet-engine-component\" data-elementor-id=\"35572\" class=\"elementor elementor-35572 jet-listing-grid--35572 jet-component-instance-4484\" data-elementor-post-type=\"jet-engine\" style=\"\">\n\t\t\t\t<div class=\"elementor-element elementor-element-72b025d e-con-full wrapper-sm e-flex e-con e-parent\" data-id=\"72b025d\" data-element_type=\"container\" data-e-type=\"container\" data-settings=\"{&quot;background_background&quot;:&quot;classic&quot;}\">\n\t\t<div class=\"elementor-element elementor-element-8bf97f0 e-grid e-con-full hide-plus e-con e-child\" data-id=\"8bf97f0\" data-element_type=\"container\" data-e-type=\"container\" data-settings=\"{&quot;background_background&quot;:&quot;classic&quot;}\">\n\t\t<div class=\"elementor-element elementor-element-bf10788 e-con-full e-flex e-con e-child\" data-id=\"bf10788\" data-element_type=\"container\" data-e-type=\"container\">\n\t\t\t\t<div class=\"elementor-element elementor-element-92e62b4 bodytext elementor-widget elementor-widget-heading\" data-id=\"92e62b4\" data-element_type=\"widget\" data-e-type=\"widget\" data-widget_type=\"heading.default\">\n\t\t\t\t<div class=\"elementor-widget-container\">\n\t\t\t\t\t<p class=\"elementor-heading-title elementor-size-default\">(01)<\/p>\t\t\t\t<\/div>\n\t\t\t\t<\/div>\n\t\t\t\t<\/div>\n\t\t<div class=\"elementor-element elementor-element-d604aff e-con-full e-flex e-con e-child\" data-id=\"d604aff\" data-element_type=\"container\" data-e-type=\"container\">\n\t\t\t\t<div class=\"elementor-element elementor-element-19ba10b h2-headline pb-100 elementor-widget elementor-widget-heading\" data-id=\"19ba10b\" data-element_type=\"widget\" data-e-type=\"widget\" data-widget_type=\"heading.default\">\n\t\t\t\t<div class=\"elementor-widget-container\">\n\t\t\t\t\t<h3 class=\"elementor-heading-title elementor-size-default\">Aufgaben<\/h3>\t\t\t\t<\/div>\n\t\t\t\t<\/div>\n\t\t\t\t<div class=\"elementor-element elementor-element-5255633 bodytext elementor-widget elementor-widget-text-editor\" data-id=\"5255633\" data-element_type=\"widget\" data-e-type=\"widget\" data-widget_type=\"text-editor.default\">\n\t\t\t\t<div class=\"elementor-widget-container\">\n\t\t\t\t\t\t\t\t\tDu willst die Zukunft gestalten und die digitale Transformation von Unternehmen voranbringen? Du f\u00fchlst dich in den sozialen Medien zu Hause und bist ein kreativer Kopf, der die besten Strategien f\u00fcr unsere Kund:innen entwickelt? Du hast zudem keine Angst vor Zahlen und misst gern die Erfolge deiner Aktivit\u00e4ten, um diese stetig zu optimieren? Du bringst mehrere Jahre Agenturerfahrung, einiges an Eigeninitiative und Lust auf Wachstum mit? <br><br>Dann suchen wir dich als <b>Social Media Manager (m\/w\/d)<\/b> f\u00fcr die folgenden Aufgaben: <br><br> <ul> <li>Konzeption und Entwicklung nachhaltiger Strategien f\u00fcr die Social Media-Kan\u00e4le unserer Kunden<\/li> <li>Erstellung, Kalkulation und Verhandlung von Angeboten und Rahmenvertr\u00e4gen<\/li> <li>Entwicklung von Media- und Reichweitenkonzepten<\/li> <li>Content-Kreation und -Publishing f\u00fcr Social Media-Kan\u00e4le (Foto- und Video-Content &amp; Social Media Assets)<\/li> <li>Kontrolle der Social Media-Aktivit\u00e4ten durch Analysen und Reportings<\/li> <li>Eigenverantwortliches Projektmanagement auf deinen Kunden<\/li> <\/ul>\t\t\t\t\t\t\t\t<\/div>\n\t\t\t\t<\/div>\n\t\t\t\t<\/div>\n\t\t\t\t<\/div>\n\t\t\t\t<\/div>\n\t\t\t\t<\/div>\n\t\t\t\t\t\t<\/div>\n\t\t\t\t<\/div>\n\t\t\t\t<div class=\"elementor-element elementor-element-82d5074 pt-300 elementor-widget elementor-widget-jet-engine-component-35572\" data-id=\"82d5074\" data-element_type=\"widget\" data-e-type=\"widget\" data-widget_type=\"jet-engine-component-35572.default\">\n\t\t\t\t<div class=\"elementor-widget-container\">\n\t\t\t\t\t\t\t<div data-elementor-type=\"jet-engine-component\" data-elementor-id=\"35572\" class=\"elementor elementor-35572 jet-listing-grid--35572 jet-component-instance-4009\" data-elementor-post-type=\"jet-engine\" style=\"\">\n\t\t\t\t<div class=\"elementor-element elementor-element-72b025d e-con-full wrapper-sm e-flex e-con e-parent\" data-id=\"72b025d\" data-element_type=\"container\" data-e-type=\"container\" data-settings=\"{&quot;background_background&quot;:&quot;classic&quot;}\">\n\t\t<div class=\"elementor-element elementor-element-8bf97f0 e-grid e-con-full hide-plus e-con e-child\" data-id=\"8bf97f0\" data-element_type=\"container\" data-e-type=\"container\" data-settings=\"{&quot;background_background&quot;:&quot;classic&quot;}\">\n\t\t<div class=\"elementor-element elementor-element-bf10788 e-con-full e-flex e-con e-child\" data-id=\"bf10788\" data-element_type=\"container\" data-e-type=\"container\">\n\t\t\t\t<div class=\"elementor-element elementor-element-92e62b4 bodytext elementor-widget elementor-widget-heading\" data-id=\"92e62b4\" data-element_type=\"widget\" data-e-type=\"widget\" data-widget_type=\"heading.default\">\n\t\t\t\t<div class=\"elementor-widget-container\">\n\t\t\t\t\t<p class=\"elementor-heading-title elementor-size-default\">(02)<\/p>\t\t\t\t<\/div>\n\t\t\t\t<\/div>\n\t\t\t\t<\/div>\n\t\t<div class=\"elementor-element elementor-element-d604aff e-con-full e-flex e-con e-child\" data-id=\"d604aff\" data-element_type=\"container\" data-e-type=\"container\">\n\t\t\t\t<div class=\"elementor-element elementor-element-19ba10b h2-headline pb-100 elementor-widget elementor-widget-heading\" data-id=\"19ba10b\" data-element_type=\"widget\" data-e-type=\"widget\" data-widget_type=\"heading.default\">\n\t\t\t\t<div class=\"elementor-widget-container\">\n\t\t\t\t\t<h3 class=\"elementor-heading-title elementor-size-default\">Qualifikation<\/h3>\t\t\t\t<\/div>\n\t\t\t\t<\/div>\n\t\t\t\t<div class=\"elementor-element elementor-element-5255633 bodytext elementor-widget elementor-widget-text-editor\" data-id=\"5255633\" data-element_type=\"widget\" data-e-type=\"widget\" data-widget_type=\"text-editor.default\">\n\t\t\t\t<div class=\"elementor-widget-container\">\n\t\t\t\t\t\t\t\t\tAls Social Media Manager (m\/w\/d) bringst du Eigeninitiative, mindestens 2 Jahre Berufserfahrung und gro\u00dfe Begeisterung f\u00fcr digitale Projekte mit. Deine optimale Qualifikation: <br><br>  <ul> <li>Zu Hause in den digitalen Medien und Erfahrung im Marketing und mit Kommunikationsthemen aller Art<\/li> <li>Erfolgreich abgeschlossenes Studium im Bereich Betriebswirtschaft, Marketing, Medien oder eine vergleichbare Qualifikation<\/li> <li>Mehrj\u00e4hrige Erfahrung im Bereich Social Media Management einer Agentur<\/li> <li>Hervorragende&nbsp;MS-Office-Kenntnisse, insbesondere Word, Excel und PowerPoint<\/li> <li>Sehr gute Deutsch- und Englischkenntnisse in Wort und Schrift<\/li> <li>Hohes Ma\u00df an Teamorientierung, Eigeninitiative und Durchsetzungsverm\u00f6gen<\/li> <\/ul>\t\t\t\t\t\t\t\t<\/div>\n\t\t\t\t<\/div>\n\t\t\t\t<\/div>\n\t\t\t\t<\/div>\n\t\t\t\t<\/div>\n\t\t\t\t<\/div>\n\t\t\t\t\t\t<\/div>\n\t\t\t\t<\/div>\n\t\t\t\t<div class=\"elementor-element elementor-element-1abf41f pt-300 elementor-widget elementor-widget-jet-engine-component-35572\" data-id=\"1abf41f\" data-element_type=\"widget\" data-e-type=\"widget\" data-widget_type=\"jet-engine-component-35572.default\">\n\t\t\t\t<div class=\"elementor-widget-container\">\n\t\t\t\t\t\t\t<div data-elementor-type=\"jet-engine-component\" data-elementor-id=\"35572\" class=\"elementor elementor-35572 jet-listing-grid--35572 jet-component-instance-3357\" data-elementor-post-type=\"jet-engine\" style=\"\">\n\t\t\t\t<div class=\"elementor-element elementor-element-72b025d e-con-full wrapper-sm e-flex e-con e-parent\" data-id=\"72b025d\" data-element_type=\"container\" data-e-type=\"container\" data-settings=\"{&quot;background_background&quot;:&quot;classic&quot;}\">\n\t\t<div class=\"elementor-element elementor-element-8bf97f0 e-grid e-con-full hide-plus e-con e-child\" data-id=\"8bf97f0\" data-element_type=\"container\" data-e-type=\"container\" data-settings=\"{&quot;background_background&quot;:&quot;classic&quot;}\">\n\t\t<div class=\"elementor-element elementor-element-bf10788 e-con-full e-flex e-con e-child\" data-id=\"bf10788\" data-element_type=\"container\" data-e-type=\"container\">\n\t\t\t\t<div class=\"elementor-element elementor-element-92e62b4 bodytext elementor-widget elementor-widget-heading\" data-id=\"92e62b4\" data-element_type=\"widget\" data-e-type=\"widget\" data-widget_type=\"heading.default\">\n\t\t\t\t<div class=\"elementor-widget-container\">\n\t\t\t\t\t<p class=\"elementor-heading-title elementor-size-default\">(03)<\/p>\t\t\t\t<\/div>\n\t\t\t\t<\/div>\n\t\t\t\t<\/div>\n\t\t<div class=\"elementor-element elementor-element-d604aff e-con-full e-flex e-con e-child\" data-id=\"d604aff\" data-element_type=\"container\" data-e-type=\"container\">\n\t\t\t\t<div class=\"elementor-element elementor-element-19ba10b h2-headline pb-100 elementor-widget elementor-widget-heading\" data-id=\"19ba10b\" data-element_type=\"widget\" data-e-type=\"widget\" data-widget_type=\"heading.default\">\n\t\t\t\t<div class=\"elementor-widget-container\">\n\t\t\t\t\t<h3 class=\"elementor-heading-title elementor-size-default\">Benefits<\/h3>\t\t\t\t<\/div>\n\t\t\t\t<\/div>\n\t\t\t\t<div class=\"elementor-element elementor-element-5255633 bodytext elementor-widget elementor-widget-text-editor\" data-id=\"5255633\" data-element_type=\"widget\" data-e-type=\"widget\" data-widget_type=\"text-editor.default\">\n\t\t\t\t<div class=\"elementor-widget-container\">\n\t\t\t\t\t\t\t\t\tWir leben New Work und wollen das Agenturmodell der Zukunft bauen. Mobiles Arbeiten, Home Office und flexibel Arbeitszeiten sind Teil unserer digitalen Kultur. Freue dich auf: <br><br>   <ul> <li>Unbefristeter Arbeitsvertrag von Anfang an<\/li> <li>Flexible Arbeitszeiten und t\u00e4gliche Option f\u00fcr Mobiles Arbeiten (innerhalb von NRW)<\/li> <li>30 Tage Jahresurlaub<\/li> <li>\u00dcberdurchschnittliche Verg\u00fctung sowie betriebliche Altersvorsorge (bAV)<\/li> <li>Individuelle Weiterbildung mit mindestens 1.000 \u20ac Budget pro Jahr<\/li> <li>Modernste Technik \u2013 MacBook und AirPods<\/li> <li>\u00d6PNV-Zuschuss (Deutschlandticket)<\/li> <li>Au\u00dfergew\u00f6hnliche Teamevents und eine besondere Unternehmenskultur<\/li> <li>Spannende Kunden, zukunftsweisende Projekte und viel Eigenverantwortung<\/li> <li>Flache Hierarchien und kurze Entscheidungswege<\/li> <li>Strukturiertes Onboarding f\u00fcr deinen bestm\u00f6glichen Start<\/li> <li>Moderne B\u00fcros in Dortmund und K\u00f6ln mit Jura-Kaffeemaschinen, Wasserspendern, gro\u00dfer Getr\u00e4nkeauswahl und mehr<\/li> <li>Corporate Benefits, JobRad und weitere Extras<\/li> <\/ul>\t\t\t\t\t\t\t\t<\/div>\n\t\t\t\t<\/div>\n\t\t\t\t<\/div>\n\t\t\t\t<\/div>\n\t\t\t\t<\/div>\n\t\t\t\t<\/div>\n\t\t\t\t\t\t<\/div>\n\t\t\t\t<\/div>\n\t\t<div class=\"elementor-element elementor-element-4fd515a e-con-full wrapper-sm pt-300 e-flex e-con e-child\" data-id=\"4fd515a\" data-element_type=\"container\" data-e-type=\"container\" data-settings=\"{&quot;background_background&quot;:&quot;classic&quot;}\">\n\t\t<div class=\"elementor-element elementor-element-fbe92b5 e-grid e-con-full hide-plus e-con e-child\" data-id=\"fbe92b5\" data-element_type=\"container\" data-e-type=\"container\" data-settings=\"{&quot;background_background&quot;:&quot;classic&quot;}\">\n\t\t<div class=\"elementor-element elementor-element-7f7a3f9 e-con-full e-flex e-con e-child\" data-id=\"7f7a3f9\" data-element_type=\"container\" data-e-type=\"container\">\n\t\t\t\t<div class=\"elementor-element elementor-element-fbd3f8f bodytext elementor-widget elementor-widget-heading\" data-id=\"fbd3f8f\" data-element_type=\"widget\" data-e-type=\"widget\" data-widget_type=\"heading.default\">\n\t\t\t\t<div class=\"elementor-widget-container\">\n\t\t\t\t\t<p class=\"elementor-heading-title elementor-size-default\">(04)<\/p>\t\t\t\t<\/div>\n\t\t\t\t<\/div>\n\t\t\t\t<\/div>\n\t\t<div class=\"elementor-element elementor-element-5e8f8fb e-con-full e-flex e-con e-child\" data-id=\"5e8f8fb\" data-element_type=\"container\" data-e-type=\"container\">\n\t\t\t\t<div class=\"elementor-element elementor-element-a2a80c0 h2-headline pb-100 elementor-widget elementor-widget-heading\" data-id=\"a2a80c0\" data-element_type=\"widget\" data-e-type=\"widget\" data-widget_type=\"heading.default\">\n\t\t\t\t<div class=\"elementor-widget-container\">\n\t\t\t\t\t<h3 class=\"elementor-heading-title elementor-size-default\">Bewerbung<\/h3>\t\t\t\t<\/div>\n\t\t\t\t<\/div>\n\t\t\t\t<div class=\"elementor-element elementor-element-47c07f7 bodytext pb-60 elementor-widget elementor-widget-text-editor\" data-id=\"47c07f7\" data-element_type=\"widget\" data-e-type=\"widget\" data-widget_type=\"text-editor.default\">\n\t\t\t\t<div class=\"elementor-widget-container\">\n\t\t\t\t\t\t\t\t\t<p>Passt die Stelle als <strong>Social Media Manager (m\/w\/d)<\/strong> zu dir? Dann freuen wir uns auf deine Bewerbung (Anschreiben, Lebenslauf, Zeugnisse, ggfs. Portfolio, usw.) mit Angabe deines schnellstm\u00f6glichen Starttermins und deiner Gehaltsvorstellung.<\/p>\t\t\t\t\t\t\t\t<\/div>\n\t\t\t\t<\/div>\n\t\t\t\t<div class=\"elementor-element elementor-element-c3de124 sm-btn btn-primary elementor-widget elementor-widget-button\" data-id=\"c3de124\" data-element_type=\"widget\" data-e-type=\"widget\" data-widget_type=\"button.default\">\n\t\t\t\t<div class=\"elementor-widget-container\">\n\t\t\t\t\t\t\t\t\t<div class=\"elementor-button-wrapper\">\n\t\t\t\t\t<a class=\"elementor-button elementor-button-link elementor-size-sm\" href=\"https:\/\/schwarz-matt.jobs.personio.de\/job\/515362?language=de&#038;display=de#apply\" target=\"_blank\">\n\t\t\t\t\t\t<span class=\"elementor-button-content-wrapper\">\n\t\t\t\t\t\t\t\t\t<span class=\"elementor-button-text\">Jetzt bewerben<\/span>\n\t\t\t\t\t<\/span>\n\t\t\t\t\t<\/a>\n\t\t\t\t<\/div>\n\t\t\t\t\t\t\t\t<\/div>\n\t\t\t\t<\/div>\n\t\t\t\t<\/div>\n\t\t\t\t<\/div>\n\t\t\t\t<\/div>\n\t\t\t\t<\/div>\n\t\t\t\t<\/div>\n\t\t","protected":false},"excerpt":{"rendered":"<p>(04) Bewerbung Passt die Stelle als Social Media Manager (m\/w\/d) zu dir? Dann freuen wir uns auf deine Bewerbung (Anschreiben, Lebenslauf, Zeugnisse, ggfs. Portfolio, usw.) mit Angabe deines schnellstm\u00f6glichen Starttermins und deiner Gehaltsvorstellung. Jetzt bewerben<\/p>\n","protected":false},"author":3,"featured_media":0,"parent":31,"menu_order":0,"comment_status":"closed","ping_status":"closed","template":"","meta":{"footnotes":""},"class_list":["post-9400","page","type-page","status-publish","hentry"],"yoast_head":"<!-- This site is optimized with the Yoast SEO Premium plugin v27.3 (Yoast SEO v27.4) - https:\/\/yoast.com\/product\/yoast-seo-premium-wordpress\/ -->\n<title>Social Media Manager - Schwarz+Matt<\/title>\n<meta name=\"description\" content=\"Du willst Teil einer zukunftsorientierten Marken- und Designagentur sein? Bewirb dich jetzt als Social Media Manager (m\/w\/d) und starte mit uns durch!\" \/>\n<meta name=\"robots\" content=\"index, follow, max-snippet:-1, max-image-preview:large, max-video-preview:-1\" \/>\n<link rel=\"canonical\" href=\"https:\/\/www.schwarz-matt.com\/de\/karriere\/social-media-manager\/\" \/>\n<meta property=\"og:locale\" content=\"de_DE\" \/>\n<meta property=\"og:type\" content=\"article\" \/>\n<meta property=\"og:title\" content=\"Social Media Manager\" \/>\n<meta property=\"og:description\" content=\"Du willst Teil einer zukunftsorientierten Marken- und Designagentur sein? Bewirb dich jetzt als Social Media Manager (m\/w\/d) und starte mit uns durch!\" \/>\n<meta property=\"og:url\" content=\"https:\/\/www.schwarz-matt.com\/de\/karriere\/social-media-manager\/\" \/>\n<meta property=\"og:site_name\" content=\"Schwarz+Matt\" \/>\n<meta property=\"article:modified_time\" content=\"2026-03-30T11:41:46+00:00\" \/>\n<meta name=\"twitter:card\" content=\"summary_large_image\" \/>\n<meta name=\"twitter:label1\" content=\"Gesch\u00e4tzte Lesezeit\" \/>\n\t<meta name=\"twitter:data1\" content=\"1\u00a0Minute\" \/>\n<script type=\"application\/ld+json\" class=\"yoast-schema-graph\">{\"@context\":\"https:\\\/\\\/schema.org\",\"@graph\":[{\"@type\":\"WebPage\",\"@id\":\"https:\\\/\\\/www.schwarz-matt.com\\\/de\\\/karriere\\\/social-media-manager\\\/\",\"url\":\"https:\\\/\\\/www.schwarz-matt.com\\\/de\\\/karriere\\\/social-media-manager\\\/\",\"name\":\"Social Media Manager - Schwarz+Matt\",\"isPartOf\":{\"@id\":\"https:\\\/\\\/www.schwarz-matt.com\\\/de\\\/#website\"},\"datePublished\":\"2022-03-04T13:12:55+00:00\",\"dateModified\":\"2026-03-30T11:41:46+00:00\",\"description\":\"Du willst Teil einer zukunftsorientierten Marken- und Designagentur sein? Bewirb dich jetzt als Social Media Manager (m\\\/w\\\/d) und starte mit uns durch!\",\"breadcrumb\":{\"@id\":\"https:\\\/\\\/www.schwarz-matt.com\\\/de\\\/karriere\\\/social-media-manager\\\/#breadcrumb\"},\"inLanguage\":\"de\",\"potentialAction\":[{\"@type\":\"ReadAction\",\"target\":[\"https:\\\/\\\/www.schwarz-matt.com\\\/de\\\/karriere\\\/social-media-manager\\\/\"]}]},{\"@type\":\"BreadcrumbList\",\"@id\":\"https:\\\/\\\/www.schwarz-matt.com\\\/de\\\/karriere\\\/social-media-manager\\\/#breadcrumb\",\"itemListElement\":[{\"@type\":\"ListItem\",\"position\":1,\"name\":\"Startseite\",\"item\":\"https:\\\/\\\/www.schwarz-matt.com\\\/de\\\/\"},{\"@type\":\"ListItem\",\"position\":2,\"name\":\"Karriere\",\"item\":\"https:\\\/\\\/www.schwarz-matt.com\\\/de\\\/karriere\\\/\"},{\"@type\":\"ListItem\",\"position\":3,\"name\":\"Social Media Manager\"}]},{\"@type\":\"WebSite\",\"@id\":\"https:\\\/\\\/www.schwarz-matt.com\\\/de\\\/#website\",\"url\":\"https:\\\/\\\/www.schwarz-matt.com\\\/de\\\/\",\"name\":\"Schwarz+Matt\",\"description\":\"Marken f\u00fcr Morgen\",\"publisher\":{\"@id\":\"https:\\\/\\\/www.schwarz-matt.com\\\/de\\\/#organization\"},\"potentialAction\":[{\"@type\":\"SearchAction\",\"target\":{\"@type\":\"EntryPoint\",\"urlTemplate\":\"https:\\\/\\\/www.schwarz-matt.com\\\/de\\\/?s={search_term_string}\"},\"query-input\":{\"@type\":\"PropertyValueSpecification\",\"valueRequired\":true,\"valueName\":\"search_term_string\"}}],\"inLanguage\":\"de\"},{\"@type\":\"Organization\",\"@id\":\"https:\\\/\\\/www.schwarz-matt.com\\\/de\\\/#organization\",\"name\":\"Schwarz+Matt\",\"url\":\"https:\\\/\\\/www.schwarz-matt.com\\\/de\\\/\",\"logo\":{\"@type\":\"ImageObject\",\"inLanguage\":\"de\",\"@id\":\"https:\\\/\\\/www.schwarz-matt.com\\\/de\\\/#\\\/schema\\\/logo\\\/image\\\/\",\"url\":\"https:\\\/\\\/www.schwarz-matt.com\\\/wp-content\\\/uploads\\\/2021\\\/10\\\/schwarzmatt-logo.svg\",\"contentUrl\":\"https:\\\/\\\/www.schwarz-matt.com\\\/wp-content\\\/uploads\\\/2021\\\/10\\\/schwarzmatt-logo.svg\",\"width\":209,\"height\":24,\"caption\":\"Schwarz+Matt\"},\"image\":{\"@id\":\"https:\\\/\\\/www.schwarz-matt.com\\\/de\\\/#\\\/schema\\\/logo\\\/image\\\/\"},\"sameAs\":[\"https:\\\/\\\/www.instagram.com\\\/schwarzundmatt\\\/\",\"https:\\\/\\\/www.linkedin.com\\\/company\\\/10777030\\\/\"]}]}<\/script>\n<!-- \/ Yoast SEO Premium plugin. -->","yoast_head_json":{"title":"Social Media Manager - Schwarz+Matt","description":"Du willst Teil einer zukunftsorientierten Marken- und Designagentur sein? Bewirb dich jetzt als Social Media Manager (m\/w\/d) und starte mit uns durch!","robots":{"index":"index","follow":"follow","max-snippet":"max-snippet:-1","max-image-preview":"max-image-preview:large","max-video-preview":"max-video-preview:-1"},"canonical":"https:\/\/www.schwarz-matt.com\/de\/karriere\/social-media-manager\/","og_locale":"de_DE","og_type":"article","og_title":"Social Media Manager","og_description":"Du willst Teil einer zukunftsorientierten Marken- und Designagentur sein? Bewirb dich jetzt als Social Media Manager (m\/w\/d) und starte mit uns durch!","og_url":"https:\/\/www.schwarz-matt.com\/de\/karriere\/social-media-manager\/","og_site_name":"Schwarz+Matt","article_modified_time":"2026-03-30T11:41:46+00:00","twitter_card":"summary_large_image","twitter_misc":{"Gesch\u00e4tzte Lesezeit":"1\u00a0Minute"},"schema":{"@context":"https:\/\/schema.org","@graph":[{"@type":"WebPage","@id":"https:\/\/www.schwarz-matt.com\/de\/karriere\/social-media-manager\/","url":"https:\/\/www.schwarz-matt.com\/de\/karriere\/social-media-manager\/","name":"Social Media Manager - Schwarz+Matt","isPartOf":{"@id":"https:\/\/www.schwarz-matt.com\/de\/#website"},"datePublished":"2022-03-04T13:12:55+00:00","dateModified":"2026-03-30T11:41:46+00:00","description":"Du willst Teil einer zukunftsorientierten Marken- und Designagentur sein? Bewirb dich jetzt als Social Media Manager (m\/w\/d) und starte mit uns durch!","breadcrumb":{"@id":"https:\/\/www.schwarz-matt.com\/de\/karriere\/social-media-manager\/#breadcrumb"},"inLanguage":"de","potentialAction":[{"@type":"ReadAction","target":["https:\/\/www.schwarz-matt.com\/de\/karriere\/social-media-manager\/"]}]},{"@type":"BreadcrumbList","@id":"https:\/\/www.schwarz-matt.com\/de\/karriere\/social-media-manager\/#breadcrumb","itemListElement":[{"@type":"ListItem","position":1,"name":"Startseite","item":"https:\/\/www.schwarz-matt.com\/de\/"},{"@type":"ListItem","position":2,"name":"Karriere","item":"https:\/\/www.schwarz-matt.com\/de\/karriere\/"},{"@type":"ListItem","position":3,"name":"Social Media Manager"}]},{"@type":"WebSite","@id":"https:\/\/www.schwarz-matt.com\/de\/#website","url":"https:\/\/www.schwarz-matt.com\/de\/","name":"Schwarz+Matt","description":"Marken f\u00fcr Morgen","publisher":{"@id":"https:\/\/www.schwarz-matt.com\/de\/#organization"},"potentialAction":[{"@type":"SearchAction","target":{"@type":"EntryPoint","urlTemplate":"https:\/\/www.schwarz-matt.com\/de\/?s={search_term_string}"},"query-input":{"@type":"PropertyValueSpecification","valueRequired":true,"valueName":"search_term_string"}}],"inLanguage":"de"},{"@type":"Organization","@id":"https:\/\/www.schwarz-matt.com\/de\/#organization","name":"Schwarz+Matt","url":"https:\/\/www.schwarz-matt.com\/de\/","logo":{"@type":"ImageObject","inLanguage":"de","@id":"https:\/\/www.schwarz-matt.com\/de\/#\/schema\/logo\/image\/","url":"https:\/\/www.schwarz-matt.com\/wp-content\/uploads\/2021\/10\/schwarzmatt-logo.svg","contentUrl":"https:\/\/www.schwarz-matt.com\/wp-content\/uploads\/2021\/10\/schwarzmatt-logo.svg","width":209,"height":24,"caption":"Schwarz+Matt"},"image":{"@id":"https:\/\/www.schwarz-matt.com\/de\/#\/schema\/logo\/image\/"},"sameAs":["https:\/\/www.instagram.com\/schwarzundmatt\/","https:\/\/www.linkedin.com\/company\/10777030\/"]}]}},"_links":{"self":[{"href":"https:\/\/www.schwarz-matt.com\/de\/wp-json\/wp\/v2\/pages\/9400","targetHints":{"allow":["GET"]}}],"collection":[{"href":"https:\/\/www.schwarz-matt.com\/de\/wp-json\/wp\/v2\/pages"}],"about":[{"href":"https:\/\/www.schwarz-matt.com\/de\/wp-json\/wp\/v2\/types\/page"}],"author":[{"embeddable":true,"href":"https:\/\/www.schwarz-matt.com\/de\/wp-json\/wp\/v2\/users\/3"}],"replies":[{"embeddable":true,"href":"https:\/\/www.schwarz-matt.com\/de\/wp-json\/wp\/v2\/comments?post=9400"}],"version-history":[{"count":8,"href":"https:\/\/www.schwarz-matt.com\/de\/wp-json\/wp\/v2\/pages\/9400\/revisions"}],"predecessor-version":[{"id":42265,"href":"https:\/\/www.schwarz-matt.com\/de\/wp-json\/wp\/v2\/pages\/9400\/revisions\/42265"}],"up":[{"embeddable":true,"href":"https:\/\/www.schwarz-matt.com\/de\/wp-json\/wp\/v2\/pages\/31"}],"wp:attachment":[{"href":"https:\/\/www.schwarz-matt.com\/de\/wp-json\/wp\/v2\/media?parent=9400"}],"curies":[{"name":"wp","href":"https:\/\/api.w.org\/{rel}","templated":true}]}}