{"id":42758,"date":"2026-04-17T13:17:43","date_gmt":"2026-04-17T11:17:43","guid":{"rendered":"https:\/\/www.schwarz-matt.com\/?page_id=42758"},"modified":"2026-04-24T17:51:14","modified_gmt":"2026-04-24T15:51:14","slug":"standorte","status":"publish","type":"page","link":"https:\/\/www.schwarz-matt.com\/de\/standorte\/","title":{"rendered":"Standorte"},"content":{"rendered":"\t\t<div data-elementor-type=\"wp-page\" data-elementor-id=\"42758\" class=\"elementor elementor-42758\" data-elementor-post-type=\"page\">\n\t\t\t\t<div class=\"elementor-element elementor-element-7a001fa e-con-full e-flex e-con e-parent\" data-id=\"7a001fa\" data-element_type=\"container\" data-e-type=\"container\" data-settings=\"{&quot;background_background&quot;:&quot;classic&quot;}\">\n\t\t\t\t<div class=\"elementor-element elementor-element-6fded4c pt-300 elementor-widget elementor-widget-jet-engine-component-34656\" data-id=\"6fded4c\" data-element_type=\"widget\" data-e-type=\"widget\" data-widget_type=\"jet-engine-component-34656.default\">\n\t\t\t\t<div class=\"elementor-widget-container\">\n\t\t\t\t\t<style>.elementor-34656 .elementor-element.elementor-element-24b27fa{--display:flex;--flex-direction:column;--container-widget-width:100%;--container-widget-height:initial;--container-widget-flex-grow:0;--container-widget-align-self:initial;--flex-wrap-mobile:wrap;--gap:0px 0px;--row-gap:0px;--column-gap:0px;}.elementor-34656 .elementor-element.elementor-element-24b27fa:not(.elementor-motion-effects-element-type-background), .elementor-34656 .elementor-element.elementor-element-24b27fa > .elementor-motion-effects-container > .elementor-motion-effects-layer{background-color:var( --e-global-color-secondary );}.elementor-34656 .elementor-element.elementor-element-db80e06 .elementor-heading-title{color:var( --e-global-color-primary );}.elementor-34656 .elementor-element.elementor-element-f1b16d0 .elementor-heading-title{color:var( --e-global-color-10a775a );}<\/style>\t\t<div data-elementor-type=\"jet-engine-component\" data-elementor-id=\"34656\" class=\"elementor elementor-34656 jet-listing-grid--34656 jet-component-instance-3825\" data-elementor-post-type=\"jet-engine\" style=\"\">\n\t\t\t\t<div class=\"elementor-element elementor-element-24b27fa e-con-full wrapper-sm e-flex e-con e-parent\" data-id=\"24b27fa\" data-element_type=\"container\" data-e-type=\"container\" data-settings=\"{&quot;background_background&quot;:&quot;classic&quot;}\">\n\t\t\t\t<div class=\"elementor-element elementor-element-db80e06 h1-headline pb-100 elementor-invisible elementor-widget elementor-widget-heading\" data-id=\"db80e06\" data-element_type=\"widget\" data-e-type=\"widget\" data-settings=\"{&quot;_animation&quot;:&quot;fadeInUp&quot;}\" data-widget_type=\"heading.default\">\n\t\t\t\t<div class=\"elementor-widget-container\">\n\t\t\t\t\t<h1 class=\"elementor-heading-title elementor-size-default\">Standorte<\/h1>\t\t\t\t<\/div>\n\t\t\t\t<\/div>\n\t\t\t\t<div class=\"elementor-element elementor-element-f1b16d0 h2-headline elementor-invisible elementor-widget elementor-widget-heading\" data-id=\"f1b16d0\" data-element_type=\"widget\" data-e-type=\"widget\" data-settings=\"{&quot;_animation&quot;:&quot;fadeInUp&quot;}\" data-widget_type=\"heading.default\">\n\t\t\t\t<div class=\"elementor-widget-container\">\n\t\t\t\t\t<h2 class=\"elementor-heading-title elementor-size-default\">Gebaut auf Kohle und Stahl ist NRW heute der Motor f\u00fcr Hidden Champions, ambitionierte Start-ups und eine wachsende Kreativszene. Als Agentur mit Wurzeln in Dortmund und Standorten in K\u00f6ln und M\u00fcnster liegt um uns auf \u00fcber 34\u00a0000\u00a0km\u00b2 unser Spielfeld f\u00fcr anspruchsvolles Branding. Mit Blick weit \u00fcber die Region hinaus.  <\/h2>\t\t\t\t<\/div>\n\t\t\t\t<\/div>\n\t\t\t\t<\/div>\n\t\t\t\t<\/div>\n\t\t\t\t\t\t<\/div>\n\t\t\t\t<\/div>\n\t\t<div class=\"elementor-element elementor-element-3acd744 e-con-full e-grid wrapper-sm hide-plus pt-300 e-con e-child\" data-id=\"3acd744\" data-element_type=\"container\" data-e-type=\"container\">\n\t\t<div class=\"elementor-element elementor-element-df2909c e-con-full e-flex e-con e-child\" data-id=\"df2909c\" data-element_type=\"container\" data-e-type=\"container\" data-settings=\"{&quot;background_background&quot;:&quot;classic&quot;}\">\n\t\t\t\t<div class=\"elementor-element elementor-element-7efe415 elementor-widget__width-initial elementor-widget elementor-widget-image\" data-id=\"7efe415\" data-element_type=\"widget\" data-e-type=\"widget\" data-widget_type=\"image.default\">\n\t\t\t\t<div class=\"elementor-widget-container\">\n\t\t\t\t\t\t\t\t\t\t\t\t\t\t\t\t<a href=\"https:\/\/www.schwarz-matt.com\/de\/dortmund\/\">\n\t\t\t\t\t\t\t<img decoding=\"async\" width=\"4320\" height=\"5400\" src=\"https:\/\/www.schwarz-matt.com\/wp-content\/uploads\/2025\/08\/Dortmund-Standort.jpg\" class=\"attachment-full size-full wp-image-35758\" alt=\"\" srcset=\"https:\/\/www.schwarz-matt.com\/wp-content\/uploads\/2025\/08\/Dortmund-Standort.jpg 4320w, https:\/\/www.schwarz-matt.com\/wp-content\/uploads\/2025\/08\/Dortmund-Standort-240x300.jpg 240w, https:\/\/www.schwarz-matt.com\/wp-content\/uploads\/2025\/08\/Dortmund-Standort-819x1024.jpg 819w, https:\/\/www.schwarz-matt.com\/wp-content\/uploads\/2025\/08\/Dortmund-Standort-768x960.jpg 768w, https:\/\/www.schwarz-matt.com\/wp-content\/uploads\/2025\/08\/Dortmund-Standort-1229x1536.jpg 1229w, https:\/\/www.schwarz-matt.com\/wp-content\/uploads\/2025\/08\/Dortmund-Standort-1638x2048.jpg 1638w\" sizes=\"(max-width: 4320px) 100vw, 4320px\" \/>\t\t\t\t\t\t\t\t<\/a>\n\t\t\t\t\t\t\t\t\t\t\t\t\t\t\t<\/div>\n\t\t\t\t<\/div>\n\t\t\t\t<div class=\"elementor-element elementor-element-d2c66d9 h3-headline pt-32 elementor-widget elementor-widget-heading\" data-id=\"d2c66d9\" data-element_type=\"widget\" data-e-type=\"widget\" data-widget_type=\"heading.default\">\n\t\t\t\t<div class=\"elementor-widget-container\">\n\t\t\t\t\t<div class=\"elementor-heading-title elementor-size-default\"><a href=\"https:\/\/www.schwarz-matt.com\/de\/dortmund\/\">Dortmund<\/a><\/div>\t\t\t\t<\/div>\n\t\t\t\t<\/div>\n\t\t\t\t<div class=\"elementor-element elementor-element-efff179 bodytext pt-32 pb-72 elementor-widget elementor-widget-text-editor\" data-id=\"efff179\" data-element_type=\"widget\" data-e-type=\"widget\" data-widget_type=\"text-editor.default\">\n\t\t\t\t<div class=\"elementor-widget-container\">\n\t\t\t\t\t\t\t\t\t<p>Schwarz+Matt\u00ae GmbH<br \/><span class=\"standort-text\">Westfalendamm 188<br \/>44141 Dortmund<br \/>Deutschland <\/span><\/p>\t\t\t\t\t\t\t\t<\/div>\n\t\t\t\t<\/div>\n\t\t\t\t<div class=\"elementor-element elementor-element-8e63b02 sm-btn btn-primary elementor-widget elementor-widget-button\" data-id=\"8e63b02\" data-element_type=\"widget\" data-e-type=\"widget\" data-widget_type=\"button.default\">\n\t\t\t\t<div class=\"elementor-widget-container\">\n\t\t\t\t\t\t\t\t\t<div class=\"elementor-button-wrapper\">\n\t\t\t\t\t<a class=\"elementor-button elementor-button-link elementor-size-sm\" href=\"https:\/\/www.schwarz-matt.com\/de\/standorte\/dortmund\/\">\n\t\t\t\t\t\t<span class=\"elementor-button-content-wrapper\">\n\t\t\t\t\t\t\t\t\t<span class=\"elementor-button-text\">Mehr erfahren<\/span>\n\t\t\t\t\t<\/span>\n\t\t\t\t\t<\/a>\n\t\t\t\t<\/div>\n\t\t\t\t\t\t\t\t<\/div>\n\t\t\t\t<\/div>\n\t\t\t\t<\/div>\n\t\t<div class=\"elementor-element elementor-element-fccae5f e-con-full e-flex e-con e-child\" data-id=\"fccae5f\" data-element_type=\"container\" data-e-type=\"container\" data-settings=\"{&quot;background_background&quot;:&quot;classic&quot;}\">\n\t\t\t\t<div class=\"elementor-element elementor-element-d488ecf elementor-widget__width-initial elementor-widget elementor-widget-image\" data-id=\"d488ecf\" data-element_type=\"widget\" data-e-type=\"widget\" data-widget_type=\"image.default\">\n\t\t\t\t<div class=\"elementor-widget-container\">\n\t\t\t\t\t\t\t\t\t\t\t\t\t\t\t\t<a href=\"https:\/\/www.schwarz-matt.com\/de\/koeln\/\">\n\t\t\t\t\t\t\t<img decoding=\"async\" width=\"4320\" height=\"5400\" src=\"https:\/\/www.schwarz-matt.com\/wp-content\/uploads\/2025\/08\/Koeln-Standort.jpg\" class=\"attachment-full size-full wp-image-35760\" alt=\"\" srcset=\"https:\/\/www.schwarz-matt.com\/wp-content\/uploads\/2025\/08\/Koeln-Standort.jpg 4320w, https:\/\/www.schwarz-matt.com\/wp-content\/uploads\/2025\/08\/Koeln-Standort-240x300.jpg 240w, https:\/\/www.schwarz-matt.com\/wp-content\/uploads\/2025\/08\/Koeln-Standort-819x1024.jpg 819w, https:\/\/www.schwarz-matt.com\/wp-content\/uploads\/2025\/08\/Koeln-Standort-768x960.jpg 768w, https:\/\/www.schwarz-matt.com\/wp-content\/uploads\/2025\/08\/Koeln-Standort-1229x1536.jpg 1229w, https:\/\/www.schwarz-matt.com\/wp-content\/uploads\/2025\/08\/Koeln-Standort-1638x2048.jpg 1638w\" sizes=\"(max-width: 4320px) 100vw, 4320px\" \/>\t\t\t\t\t\t\t\t<\/a>\n\t\t\t\t\t\t\t\t\t\t\t\t\t\t\t<\/div>\n\t\t\t\t<\/div>\n\t\t\t\t<div class=\"elementor-element elementor-element-52c1eb0 h3-headline pt-32 elementor-widget elementor-widget-heading\" data-id=\"52c1eb0\" data-element_type=\"widget\" data-e-type=\"widget\" data-widget_type=\"heading.default\">\n\t\t\t\t<div class=\"elementor-widget-container\">\n\t\t\t\t\t<div class=\"elementor-heading-title elementor-size-default\"><a href=\"https:\/\/www.schwarz-matt.com\/de\/koeln\/\">K\u00f6ln<\/a><\/div>\t\t\t\t<\/div>\n\t\t\t\t<\/div>\n\t\t\t\t<div class=\"elementor-element elementor-element-6cefd17 bodytext pt-32 pb-72 elementor-widget elementor-widget-text-editor\" data-id=\"6cefd17\" data-element_type=\"widget\" data-e-type=\"widget\" data-widget_type=\"text-editor.default\">\n\t\t\t\t<div class=\"elementor-widget-container\">\n\t\t\t\t\t\t\t\t\tSchwarz+Matt\u00ae GmbH<br> <span class=\"standort-text\">Siegburger Str. 149\u2013151<br>50679 K\u00f6ln<br> Deutschland <\/span>\t\t\t\t\t\t\t\t<\/div>\n\t\t\t\t<\/div>\n\t\t\t\t<div class=\"elementor-element elementor-element-284850e sm-btn btn-primary elementor-widget elementor-widget-button\" data-id=\"284850e\" data-element_type=\"widget\" data-e-type=\"widget\" data-widget_type=\"button.default\">\n\t\t\t\t<div class=\"elementor-widget-container\">\n\t\t\t\t\t\t\t\t\t<div class=\"elementor-button-wrapper\">\n\t\t\t\t\t<a class=\"elementor-button elementor-button-link elementor-size-sm\" href=\"https:\/\/www.schwarz-matt.com\/de\/standorte\/koeln\/\">\n\t\t\t\t\t\t<span class=\"elementor-button-content-wrapper\">\n\t\t\t\t\t\t\t\t\t<span class=\"elementor-button-text\">Mehr erfahren<\/span>\n\t\t\t\t\t<\/span>\n\t\t\t\t\t<\/a>\n\t\t\t\t<\/div>\n\t\t\t\t\t\t\t\t<\/div>\n\t\t\t\t<\/div>\n\t\t\t\t<\/div>\n\t\t<div class=\"elementor-element elementor-element-3ea1a8b e-con-full e-flex e-con e-child\" data-id=\"3ea1a8b\" data-element_type=\"container\" data-e-type=\"container\" data-settings=\"{&quot;background_background&quot;:&quot;classic&quot;}\">\n\t\t\t\t<div class=\"elementor-element elementor-element-016b26f elementor-widget__width-initial elementor-widget elementor-widget-image\" data-id=\"016b26f\" data-element_type=\"widget\" data-e-type=\"widget\" data-widget_type=\"image.default\">\n\t\t\t\t<div class=\"elementor-widget-container\">\n\t\t\t\t\t\t\t\t\t\t\t\t\t\t\t\t<a href=\"https:\/\/www.schwarz-matt.com\/de\/muenster\/\">\n\t\t\t\t\t\t\t<img decoding=\"async\" width=\"4320\" height=\"5400\" src=\"https:\/\/www.schwarz-matt.com\/wp-content\/uploads\/2025\/08\/Muenster-Standort.jpg\" class=\"attachment-full size-full wp-image-35762\" alt=\"\" srcset=\"https:\/\/www.schwarz-matt.com\/wp-content\/uploads\/2025\/08\/Muenster-Standort.jpg 4320w, https:\/\/www.schwarz-matt.com\/wp-content\/uploads\/2025\/08\/Muenster-Standort-240x300.jpg 240w, https:\/\/www.schwarz-matt.com\/wp-content\/uploads\/2025\/08\/Muenster-Standort-819x1024.jpg 819w, https:\/\/www.schwarz-matt.com\/wp-content\/uploads\/2025\/08\/Muenster-Standort-768x960.jpg 768w, https:\/\/www.schwarz-matt.com\/wp-content\/uploads\/2025\/08\/Muenster-Standort-1229x1536.jpg 1229w, https:\/\/www.schwarz-matt.com\/wp-content\/uploads\/2025\/08\/Muenster-Standort-1638x2048.jpg 1638w\" sizes=\"(max-width: 4320px) 100vw, 4320px\" \/>\t\t\t\t\t\t\t\t<\/a>\n\t\t\t\t\t\t\t\t\t\t\t\t\t\t\t<\/div>\n\t\t\t\t<\/div>\n\t\t\t\t<div class=\"elementor-element elementor-element-14f90d6 h3-headline pt-32 elementor-widget elementor-widget-heading\" data-id=\"14f90d6\" data-element_type=\"widget\" data-e-type=\"widget\" data-widget_type=\"heading.default\">\n\t\t\t\t<div class=\"elementor-widget-container\">\n\t\t\t\t\t<div class=\"elementor-heading-title elementor-size-default\"><a href=\"https:\/\/www.schwarz-matt.com\/de\/muenster\/\">M\u00fcnster<\/a><\/div>\t\t\t\t<\/div>\n\t\t\t\t<\/div>\n\t\t\t\t<div class=\"elementor-element elementor-element-b98b96b bodytext pt-32 pb-72 elementor-widget elementor-widget-text-editor\" data-id=\"b98b96b\" data-element_type=\"widget\" data-e-type=\"widget\" data-widget_type=\"text-editor.default\">\n\t\t\t\t<div class=\"elementor-widget-container\">\n\t\t\t\t\t\t\t\t\t<p>Schwarz+Matt\u00ae GmbH<br \/><span class=\"standort-text\">Hafenweg 22<br \/>48155 M\u00fcnster <br \/>Deutschland <\/span><\/p>\t\t\t\t\t\t\t\t<\/div>\n\t\t\t\t<\/div>\n\t\t\t\t<div class=\"elementor-element elementor-element-1cc8a87 sm-btn btn-primary elementor-widget elementor-widget-button\" data-id=\"1cc8a87\" data-element_type=\"widget\" data-e-type=\"widget\" data-widget_type=\"button.default\">\n\t\t\t\t<div class=\"elementor-widget-container\">\n\t\t\t\t\t\t\t\t\t<div class=\"elementor-button-wrapper\">\n\t\t\t\t\t<a class=\"elementor-button elementor-button-link elementor-size-sm\" href=\"https:\/\/www.schwarz-matt.com\/de\/standorte\/muenster\/\">\n\t\t\t\t\t\t<span class=\"elementor-button-content-wrapper\">\n\t\t\t\t\t\t\t\t\t<span class=\"elementor-button-text\">Mehr erfahren<\/span>\n\t\t\t\t\t<\/span>\n\t\t\t\t\t<\/a>\n\t\t\t\t<\/div>\n\t\t\t\t\t\t\t\t<\/div>\n\t\t\t\t<\/div>\n\t\t\t\t<\/div>\n\t\t\t\t<\/div>\n\t\t\t\t<\/div>\n\t\t\t\t<\/div>\n\t\t","protected":false},"excerpt":{"rendered":"<p>Dortmund Schwarz+Matt\u00ae GmbHWestfalendamm 18844141 DortmundDeutschland Mehr erfahren K\u00f6ln Schwarz+Matt\u00ae GmbH Siegburger Str. 149\u201315150679 K\u00f6ln Deutschland Mehr erfahren M\u00fcnster Schwarz+Matt\u00ae GmbHHafenweg 2248155 M\u00fcnster Deutschland Mehr erfahren<\/p>\n","protected":false},"author":1,"featured_media":0,"parent":0,"menu_order":0,"comment_status":"closed","ping_status":"closed","template":"","meta":{"footnotes":""},"class_list":["post-42758","page","type-page","status-publish","hentry"],"yoast_head":"<!-- This site is optimized with the Yoast SEO Premium plugin v27.3 (Yoast SEO v27.5) - https:\/\/yoast.com\/product\/yoast-seo-premium-wordpress\/ -->\n<title>Standorte - Schwarz+Matt<\/title>\n<meta name=\"robots\" content=\"index, follow, max-snippet:-1, max-image-preview:large, max-video-preview:-1\" \/>\n<link rel=\"canonical\" href=\"https:\/\/www.schwarz-matt.com\/de\/standorte\/\" \/>\n<meta property=\"og:locale\" content=\"de_DE\" \/>\n<meta property=\"og:type\" content=\"article\" \/>\n<meta property=\"og:title\" content=\"Standorte\" \/>\n<meta property=\"og:description\" content=\"Dortmund Schwarz+Matt\u00ae GmbHWestfalendamm 18844141 DortmundDeutschland Mehr erfahren K\u00f6ln Schwarz+Matt\u00ae GmbH Siegburger Str. 149\u201315150679 K\u00f6ln Deutschland Mehr erfahren M\u00fcnster Schwarz+Matt\u00ae GmbHHafenweg 2248155 M\u00fcnster Deutschland Mehr erfahren\" \/>\n<meta property=\"og:url\" content=\"https:\/\/www.schwarz-matt.com\/de\/standorte\/\" \/>\n<meta property=\"og:site_name\" content=\"Schwarz+Matt\" \/>\n<meta property=\"article:modified_time\" content=\"2026-04-24T15:51:14+00:00\" \/>\n<meta property=\"og:image\" content=\"https:\/\/www.schwarz-matt.com\/wp-content\/uploads\/2025\/08\/Dortmund-Standort.jpg\" \/>\n\t<meta property=\"og:image:width\" content=\"4320\" \/>\n\t<meta property=\"og:image:height\" content=\"5400\" \/>\n\t<meta property=\"og:image:type\" content=\"image\/jpeg\" \/>\n<meta name=\"twitter:card\" content=\"summary_large_image\" \/>\n<meta name=\"twitter:label1\" content=\"Gesch\u00e4tzte Lesezeit\" \/>\n\t<meta name=\"twitter:data1\" content=\"2\u00a0Minuten\" \/>\n<script type=\"application\/ld+json\" class=\"yoast-schema-graph\">{\"@context\":\"https:\\\/\\\/schema.org\",\"@graph\":[{\"@type\":\"WebPage\",\"@id\":\"https:\\\/\\\/www.schwarz-matt.com\\\/de\\\/standorte\\\/\",\"url\":\"https:\\\/\\\/www.schwarz-matt.com\\\/de\\\/standorte\\\/\",\"name\":\"Standorte - Schwarz+Matt\",\"isPartOf\":{\"@id\":\"https:\\\/\\\/www.schwarz-matt.com\\\/de\\\/#website\"},\"primaryImageOfPage\":{\"@id\":\"https:\\\/\\\/www.schwarz-matt.com\\\/de\\\/standorte\\\/#primaryimage\"},\"image\":{\"@id\":\"https:\\\/\\\/www.schwarz-matt.com\\\/de\\\/standorte\\\/#primaryimage\"},\"thumbnailUrl\":\"https:\\\/\\\/www.schwarz-matt.com\\\/wp-content\\\/uploads\\\/2025\\\/08\\\/Dortmund-Standort.jpg\",\"datePublished\":\"2026-04-17T11:17:43+00:00\",\"dateModified\":\"2026-04-24T15:51:14+00:00\",\"breadcrumb\":{\"@id\":\"https:\\\/\\\/www.schwarz-matt.com\\\/de\\\/standorte\\\/#breadcrumb\"},\"inLanguage\":\"de\",\"potentialAction\":[{\"@type\":\"ReadAction\",\"target\":[\"https:\\\/\\\/www.schwarz-matt.com\\\/de\\\/standorte\\\/\"]}]},{\"@type\":\"ImageObject\",\"inLanguage\":\"de\",\"@id\":\"https:\\\/\\\/www.schwarz-matt.com\\\/de\\\/standorte\\\/#primaryimage\",\"url\":\"https:\\\/\\\/www.schwarz-matt.com\\\/wp-content\\\/uploads\\\/2025\\\/08\\\/Dortmund-Standort.jpg\",\"contentUrl\":\"https:\\\/\\\/www.schwarz-matt.com\\\/wp-content\\\/uploads\\\/2025\\\/08\\\/Dortmund-Standort.jpg\"},{\"@type\":\"BreadcrumbList\",\"@id\":\"https:\\\/\\\/www.schwarz-matt.com\\\/de\\\/standorte\\\/#breadcrumb\",\"itemListElement\":[{\"@type\":\"ListItem\",\"position\":1,\"name\":\"Startseite\",\"item\":\"https:\\\/\\\/www.schwarz-matt.com\\\/de\\\/\"},{\"@type\":\"ListItem\",\"position\":2,\"name\":\"Standorte\"}]},{\"@type\":\"WebSite\",\"@id\":\"https:\\\/\\\/www.schwarz-matt.com\\\/de\\\/#website\",\"url\":\"https:\\\/\\\/www.schwarz-matt.com\\\/de\\\/\",\"name\":\"Schwarz+Matt\",\"description\":\"Marken f\u00fcr Morgen\",\"publisher\":{\"@id\":\"https:\\\/\\\/www.schwarz-matt.com\\\/de\\\/#organization\"},\"potentialAction\":[{\"@type\":\"SearchAction\",\"target\":{\"@type\":\"EntryPoint\",\"urlTemplate\":\"https:\\\/\\\/www.schwarz-matt.com\\\/de\\\/?s={search_term_string}\"},\"query-input\":{\"@type\":\"PropertyValueSpecification\",\"valueRequired\":true,\"valueName\":\"search_term_string\"}}],\"inLanguage\":\"de\"},{\"@type\":\"Organization\",\"@id\":\"https:\\\/\\\/www.schwarz-matt.com\\\/de\\\/#organization\",\"name\":\"Schwarz+Matt\",\"url\":\"https:\\\/\\\/www.schwarz-matt.com\\\/de\\\/\",\"logo\":{\"@type\":\"ImageObject\",\"inLanguage\":\"de\",\"@id\":\"https:\\\/\\\/www.schwarz-matt.com\\\/de\\\/#\\\/schema\\\/logo\\\/image\\\/\",\"url\":\"https:\\\/\\\/www.schwarz-matt.com\\\/wp-content\\\/uploads\\\/2021\\\/10\\\/schwarzmatt-logo.svg\",\"contentUrl\":\"https:\\\/\\\/www.schwarz-matt.com\\\/wp-content\\\/uploads\\\/2021\\\/10\\\/schwarzmatt-logo.svg\",\"width\":209,\"height\":24,\"caption\":\"Schwarz+Matt\"},\"image\":{\"@id\":\"https:\\\/\\\/www.schwarz-matt.com\\\/de\\\/#\\\/schema\\\/logo\\\/image\\\/\"},\"sameAs\":[\"https:\\\/\\\/www.instagram.com\\\/schwarzundmatt\\\/\",\"https:\\\/\\\/www.linkedin.com\\\/company\\\/10777030\\\/\"]}]}<\/script>\n<!-- \/ Yoast SEO Premium plugin. -->","yoast_head_json":{"title":"Standorte - Schwarz+Matt","robots":{"index":"index","follow":"follow","max-snippet":"max-snippet:-1","max-image-preview":"max-image-preview:large","max-video-preview":"max-video-preview:-1"},"canonical":"https:\/\/www.schwarz-matt.com\/de\/standorte\/","og_locale":"de_DE","og_type":"article","og_title":"Standorte","og_description":"Dortmund Schwarz+Matt\u00ae GmbHWestfalendamm 18844141 DortmundDeutschland Mehr erfahren K\u00f6ln Schwarz+Matt\u00ae GmbH Siegburger Str. 149\u201315150679 K\u00f6ln Deutschland Mehr erfahren M\u00fcnster Schwarz+Matt\u00ae GmbHHafenweg 2248155 M\u00fcnster Deutschland Mehr erfahren","og_url":"https:\/\/www.schwarz-matt.com\/de\/standorte\/","og_site_name":"Schwarz+Matt","article_modified_time":"2026-04-24T15:51:14+00:00","og_image":[{"width":4320,"height":5400,"url":"https:\/\/www.schwarz-matt.com\/wp-content\/uploads\/2025\/08\/Dortmund-Standort.jpg","type":"image\/jpeg"}],"twitter_card":"summary_large_image","twitter_misc":{"Gesch\u00e4tzte Lesezeit":"2\u00a0Minuten"},"schema":{"@context":"https:\/\/schema.org","@graph":[{"@type":"WebPage","@id":"https:\/\/www.schwarz-matt.com\/de\/standorte\/","url":"https:\/\/www.schwarz-matt.com\/de\/standorte\/","name":"Standorte - Schwarz+Matt","isPartOf":{"@id":"https:\/\/www.schwarz-matt.com\/de\/#website"},"primaryImageOfPage":{"@id":"https:\/\/www.schwarz-matt.com\/de\/standorte\/#primaryimage"},"image":{"@id":"https:\/\/www.schwarz-matt.com\/de\/standorte\/#primaryimage"},"thumbnailUrl":"https:\/\/www.schwarz-matt.com\/wp-content\/uploads\/2025\/08\/Dortmund-Standort.jpg","datePublished":"2026-04-17T11:17:43+00:00","dateModified":"2026-04-24T15:51:14+00:00","breadcrumb":{"@id":"https:\/\/www.schwarz-matt.com\/de\/standorte\/#breadcrumb"},"inLanguage":"de","potentialAction":[{"@type":"ReadAction","target":["https:\/\/www.schwarz-matt.com\/de\/standorte\/"]}]},{"@type":"ImageObject","inLanguage":"de","@id":"https:\/\/www.schwarz-matt.com\/de\/standorte\/#primaryimage","url":"https:\/\/www.schwarz-matt.com\/wp-content\/uploads\/2025\/08\/Dortmund-Standort.jpg","contentUrl":"https:\/\/www.schwarz-matt.com\/wp-content\/uploads\/2025\/08\/Dortmund-Standort.jpg"},{"@type":"BreadcrumbList","@id":"https:\/\/www.schwarz-matt.com\/de\/standorte\/#breadcrumb","itemListElement":[{"@type":"ListItem","position":1,"name":"Startseite","item":"https:\/\/www.schwarz-matt.com\/de\/"},{"@type":"ListItem","position":2,"name":"Standorte"}]},{"@type":"WebSite","@id":"https:\/\/www.schwarz-matt.com\/de\/#website","url":"https:\/\/www.schwarz-matt.com\/de\/","name":"Schwarz+Matt","description":"Marken f\u00fcr Morgen","publisher":{"@id":"https:\/\/www.schwarz-matt.com\/de\/#organization"},"potentialAction":[{"@type":"SearchAction","target":{"@type":"EntryPoint","urlTemplate":"https:\/\/www.schwarz-matt.com\/de\/?s={search_term_string}"},"query-input":{"@type":"PropertyValueSpecification","valueRequired":true,"valueName":"search_term_string"}}],"inLanguage":"de"},{"@type":"Organization","@id":"https:\/\/www.schwarz-matt.com\/de\/#organization","name":"Schwarz+Matt","url":"https:\/\/www.schwarz-matt.com\/de\/","logo":{"@type":"ImageObject","inLanguage":"de","@id":"https:\/\/www.schwarz-matt.com\/de\/#\/schema\/logo\/image\/","url":"https:\/\/www.schwarz-matt.com\/wp-content\/uploads\/2021\/10\/schwarzmatt-logo.svg","contentUrl":"https:\/\/www.schwarz-matt.com\/wp-content\/uploads\/2021\/10\/schwarzmatt-logo.svg","width":209,"height":24,"caption":"Schwarz+Matt"},"image":{"@id":"https:\/\/www.schwarz-matt.com\/de\/#\/schema\/logo\/image\/"},"sameAs":["https:\/\/www.instagram.com\/schwarzundmatt\/","https:\/\/www.linkedin.com\/company\/10777030\/"]}]}},"_links":{"self":[{"href":"https:\/\/www.schwarz-matt.com\/de\/wp-json\/wp\/v2\/pages\/42758","targetHints":{"allow":["GET"]}}],"collection":[{"href":"https:\/\/www.schwarz-matt.com\/de\/wp-json\/wp\/v2\/pages"}],"about":[{"href":"https:\/\/www.schwarz-matt.com\/de\/wp-json\/wp\/v2\/types\/page"}],"author":[{"embeddable":true,"href":"https:\/\/www.schwarz-matt.com\/de\/wp-json\/wp\/v2\/users\/1"}],"replies":[{"embeddable":true,"href":"https:\/\/www.schwarz-matt.com\/de\/wp-json\/wp\/v2\/comments?post=42758"}],"version-history":[{"count":31,"href":"https:\/\/www.schwarz-matt.com\/de\/wp-json\/wp\/v2\/pages\/42758\/revisions"}],"predecessor-version":[{"id":43238,"href":"https:\/\/www.schwarz-matt.com\/de\/wp-json\/wp\/v2\/pages\/42758\/revisions\/43238"}],"wp:attachment":[{"href":"https:\/\/www.schwarz-matt.com\/de\/wp-json\/wp\/v2\/media?parent=42758"}],"curies":[{"name":"wp","href":"https:\/\/api.w.org\/{rel}","templated":true}]}}