{"id":20885,"date":"2022-10-07T16:39:09","date_gmt":"2022-10-07T14:39:09","guid":{"rendered":"https:\/\/www.schwarz-matt.com\/?page_id=20885"},"modified":"2023-08-16T12:01:38","modified_gmt":"2023-08-16T10:01:38","slug":"klimaneutral","status":"publish","type":"page","link":"https:\/\/www.schwarz-matt.com\/de\/ueber-uns\/klimaneutral\/","title":{"rendered":"Klimaneutral"},"content":{"rendered":"\t\t<div data-elementor-type=\"wp-page\" data-elementor-id=\"20885\" class=\"elementor elementor-20885\" data-elementor-post-type=\"page\">\n\t\t\t\t<div class=\"elementor-element elementor-element-4043280 e-con-full e-flex e-con e-parent\" data-id=\"4043280\" data-element_type=\"container\" data-e-type=\"container\">\n\t\t\t\t<div class=\"elementor-element elementor-element-bfe9a3b elementor-widget-tablet__width-inherit elementor-invisible elementor-widget elementor-widget-heading\" data-id=\"bfe9a3b\" data-element_type=\"widget\" data-e-type=\"widget\" data-settings=\"{&quot;_animation&quot;:&quot;fadeIn&quot;,&quot;_animation_delay&quot;:100}\" data-widget_type=\"heading.default\">\n\t\t\t\t<div class=\"elementor-widget-container\">\n\t\t\t\t\t<h1 class=\"elementor-heading-title elementor-size-default\">Klimaneutral<\/h1>\t\t\t\t<\/div>\n\t\t\t\t<\/div>\n\t\t\t\t<div class=\"elementor-element elementor-element-52b65d5 elementor-widget-tablet__width-inherit elementor-widget__width-initial elementor-invisible elementor-widget elementor-widget-heading\" data-id=\"52b65d5\" data-element_type=\"widget\" data-e-type=\"widget\" data-settings=\"{&quot;_animation&quot;:&quot;fadeIn&quot;,&quot;_animation_delay&quot;:100}\" data-widget_type=\"heading.default\">\n\t\t\t\t<div class=\"elementor-widget-container\">\n\t\t\t\t\t<h2 class=\"elementor-heading-title elementor-size-default\">Weil wir Verant&shy;wortung tragen<\/h2>\t\t\t\t<\/div>\n\t\t\t\t<\/div>\n\t\t\t\t<div class=\"elementor-element elementor-element-df61806 elementor-widget__width-initial elementor-widget-mobile__width-inherit elementor-widget-tablet__width-inherit elementor-invisible elementor-widget elementor-widget-text-editor\" data-id=\"df61806\" data-element_type=\"widget\" data-e-type=\"widget\" data-settings=\"{&quot;_animation&quot;:&quot;fadeIn&quot;,&quot;_animation_delay&quot;:200}\" data-widget_type=\"text-editor.default\">\n\t\t\t\t<div class=\"elementor-widget-container\">\n\t\t\t\t\t\t\t\t\t<p>Als digitale Branding- und Designagentur denken wir heute immer schon an morgen.\u00a0 Unsere Mission? Marken f\u00fcr Morgen gestalten. Deswegen ist es f\u00fcr uns selbstverst\u00e4ndlich, heute schon etwas daf\u00fcr zu tun, dass diese Zukunft es auch Wert ist.\u00a0 Das Klima betrifft uns alle. Je fr\u00fcher wir das verstehen, desto besser f\u00fcr unser Morgen.<\/p>\t\t\t\t\t\t\t\t<\/div>\n\t\t\t\t<\/div>\n\t\t\t\t<\/div>\n\t\t<div class=\"elementor-element elementor-element-2b4329d e-con-full e-flex e-con e-parent\" data-id=\"2b4329d\" data-element_type=\"container\" data-e-type=\"container\">\n\t\t\t\t<div class=\"elementor-element elementor-element-0d87d0f elementor-invisible elementor-widget elementor-widget-image\" data-id=\"0d87d0f\" data-element_type=\"widget\" data-e-type=\"widget\" data-settings=\"{&quot;_animation&quot;:&quot;fadeIn&quot;,&quot;_animation_delay&quot;:100}\" data-widget_type=\"image.default\">\n\t\t\t\t<div class=\"elementor-widget-container\">\n\t\t\t\t\t\t\t\t\t\t\t\t\t\t\t<img decoding=\"async\" width=\"2560\" height=\"1920\" src=\"https:\/\/www.schwarz-matt.com\/wp-content\/uploads\/2022\/10\/1360_ClimatePartner_20-scaled.jpg\" class=\"attachment-full size-full wp-image-20954\" alt=\"\" srcset=\"https:\/\/www.schwarz-matt.com\/wp-content\/uploads\/2022\/10\/1360_ClimatePartner_20-scaled.jpg 2560w, https:\/\/www.schwarz-matt.com\/wp-content\/uploads\/2022\/10\/1360_ClimatePartner_20-300x225.jpg 300w, https:\/\/www.schwarz-matt.com\/wp-content\/uploads\/2022\/10\/1360_ClimatePartner_20-1024x768.jpg 1024w, https:\/\/www.schwarz-matt.com\/wp-content\/uploads\/2022\/10\/1360_ClimatePartner_20-768x576.jpg 768w, https:\/\/www.schwarz-matt.com\/wp-content\/uploads\/2022\/10\/1360_ClimatePartner_20-1536x1152.jpg 1536w, https:\/\/www.schwarz-matt.com\/wp-content\/uploads\/2022\/10\/1360_ClimatePartner_20-2048x1536.jpg 2048w\" sizes=\"(max-width: 2560px) 100vw, 2560px\" \/>\t\t\t\t\t\t\t\t\t\t\t\t\t\t\t<\/div>\n\t\t\t\t<\/div>\n\t\t\t\t<\/div>\n\t\t<div class=\"elementor-element elementor-element-3190a54 e-con-full e-flex e-con e-parent\" data-id=\"3190a54\" data-element_type=\"container\" data-e-type=\"container\">\n\t\t\t\t<div class=\"elementor-element elementor-element-0179038 elementor-widget__width-initial elementor-widget-tablet__width-inherit elementor-invisible elementor-widget elementor-widget-heading\" data-id=\"0179038\" data-element_type=\"widget\" data-e-type=\"widget\" data-settings=\"{&quot;_animation&quot;:&quot;fadeIn&quot;,&quot;_animation_delay&quot;:100}\" data-widget_type=\"heading.default\">\n\t\t\t\t<div class=\"elementor-widget-container\">\n\t\t\t\t\t<h2 class=\"elementor-heading-title elementor-size-default\">ClimatePartner<\/h2>\t\t\t\t<\/div>\n\t\t\t\t<\/div>\n\t\t\t\t<div class=\"elementor-element elementor-element-16d9d84 elementor-widget__width-initial elementor-widget-tablet__width-inherit elementor-invisible elementor-widget elementor-widget-heading\" data-id=\"16d9d84\" data-element_type=\"widget\" data-e-type=\"widget\" data-settings=\"{&quot;_animation&quot;:&quot;fadeIn&quot;,&quot;_animation_delay&quot;:100}\" data-widget_type=\"heading.default\">\n\t\t\t\t<div class=\"elementor-widget-container\">\n\t\t\t\t\t<h3 class=\"elementor-heading-title elementor-size-default\">Unser Partner in Sachen Klimaneutralit\u00e4t<\/h3>\t\t\t\t<\/div>\n\t\t\t\t<\/div>\n\t\t\t\t<div class=\"elementor-element elementor-element-e6d857e elementor-widget__width-initial elementor-widget-mobile__width-inherit elementor-widget-tablet__width-inherit elementor-invisible elementor-widget elementor-widget-text-editor\" data-id=\"e6d857e\" data-element_type=\"widget\" data-e-type=\"widget\" data-settings=\"{&quot;_animation&quot;:&quot;fadeIn&quot;,&quot;_animation_delay&quot;:200}\" data-widget_type=\"text-editor.default\">\n\t\t\t\t<div class=\"elementor-widget-container\">\n\t\t\t\t\t\t\t\t\t<p>Zusammen mit Climate Partner haben wir f\u00fcr das vergangene Jahr unseren &#8222;Corporate Carbon Footprint&#8220; f\u00fcr Schwarz+Matt ermittelt. Denn nur, wenn wir ganz genau wissen, wo wir stehen, k\u00f6nnen wir die notwendigen Ma\u00dfnahmen ableiten, um unsere Ziele in Sachen Klimaneutralit\u00e4t zu erreichen. Die Auswertung beruht hierbei auf den strengen Richtlinien des Greenhouse Gas Protocol Corporate Accounting and Reporting Standard (GHG Protocol) und ist ein essenzieller Bestandteil unserer allgemeinen Klimastrategie bei Schwarz+Matt.\u00a0<\/p><p>Jedes Unternehmen verursacht CO2-Emissionen \u2013 egal wie nachhaltig und sparsam gehandelt wird. In Form einer Kompensation dieser Restemissionen gelingt es, dennoch klimaneutral zu werden.\u00a0<\/p>\t\t\t\t\t\t\t\t<\/div>\n\t\t\t\t<\/div>\n\t\t\t\t<div class=\"elementor-element elementor-element-ee872c5 elementor-widget elementor-widget-image\" data-id=\"ee872c5\" data-element_type=\"widget\" data-e-type=\"widget\" data-widget_type=\"image.default\">\n\t\t\t\t<div class=\"elementor-widget-container\">\n\t\t\t\t\t\t\t\t\t\t\t\t\t\t\t<img decoding=\"async\" width=\"1530\" height=\"330\" src=\"https:\/\/www.schwarz-matt.com\/wp-content\/uploads\/2022\/10\/v2018_EN_N_19751-2209-1002.png\" class=\"attachment-full size-full wp-image-20890\" alt=\"\" srcset=\"https:\/\/www.schwarz-matt.com\/wp-content\/uploads\/2022\/10\/v2018_EN_N_19751-2209-1002.png 1530w, https:\/\/www.schwarz-matt.com\/wp-content\/uploads\/2022\/10\/v2018_EN_N_19751-2209-1002-300x65.png 300w, https:\/\/www.schwarz-matt.com\/wp-content\/uploads\/2022\/10\/v2018_EN_N_19751-2209-1002-1024x221.png 1024w, https:\/\/www.schwarz-matt.com\/wp-content\/uploads\/2022\/10\/v2018_EN_N_19751-2209-1002-768x166.png 768w\" sizes=\"(max-width: 1530px) 100vw, 1530px\" \/>\t\t\t\t\t\t\t\t\t\t\t\t\t\t\t<\/div>\n\t\t\t\t<\/div>\n\t\t\t\t<\/div>\n\t\t<div class=\"elementor-element elementor-element-b63a8cb e-con-full e-flex e-con e-parent\" data-id=\"b63a8cb\" data-element_type=\"container\" data-e-type=\"container\">\n\t\t\t\t<div class=\"elementor-element elementor-element-c1b7fed elementor-widget__width-initial elementor-widget-tablet__width-inherit elementor-invisible elementor-widget elementor-widget-heading\" data-id=\"c1b7fed\" data-element_type=\"widget\" data-e-type=\"widget\" data-settings=\"{&quot;_animation&quot;:&quot;fadeIn&quot;,&quot;_animation_delay&quot;:100}\" data-widget_type=\"heading.default\">\n\t\t\t\t<div class=\"elementor-widget-container\">\n\t\t\t\t\t<h2 class=\"elementor-heading-title elementor-size-default\">Klimabilanz<\/h2>\t\t\t\t<\/div>\n\t\t\t\t<\/div>\n\t\t\t\t<div class=\"elementor-element elementor-element-1b068ed elementor-widget__width-initial elementor-widget-tablet__width-inherit elementor-invisible elementor-widget elementor-widget-heading\" data-id=\"1b068ed\" data-element_type=\"widget\" data-e-type=\"widget\" data-settings=\"{&quot;_animation&quot;:&quot;fadeIn&quot;,&quot;_animation_delay&quot;:100}\" data-widget_type=\"heading.default\">\n\t\t\t\t<div class=\"elementor-widget-container\">\n\t\t\t\t\t<h3 class=\"elementor-heading-title elementor-size-default\">Unsere 49.501 kg CO2 im Detail\u200b<\/h3>\t\t\t\t<\/div>\n\t\t\t\t<\/div>\n\t\t\t\t<\/div>\n\t\t<div class=\"elementor-element elementor-element-8207192 e-con-full e-flex e-con e-parent\" data-id=\"8207192\" data-element_type=\"container\" data-e-type=\"container\">\n\t\t\t\t<div class=\"elementor-element elementor-element-ea0f5d7 elementor-invisible elementor-widget elementor-widget-image\" data-id=\"ea0f5d7\" data-element_type=\"widget\" data-e-type=\"widget\" data-settings=\"{&quot;_animation&quot;:&quot;fadeIn&quot;,&quot;_animation_delay&quot;:100}\" data-widget_type=\"image.default\">\n\t\t\t\t<div class=\"elementor-widget-container\">\n\t\t\t\t\t\t\t\t\t\t\t\t\t\t\t<img decoding=\"async\" width=\"1920\" height=\"1080\" src=\"https:\/\/www.schwarz-matt.com\/wp-content\/uploads\/2022\/10\/SM_Diagramm-Klimaneutralitaet-2.png\" class=\"attachment-full size-full wp-image-20892\" alt=\"\" srcset=\"https:\/\/www.schwarz-matt.com\/wp-content\/uploads\/2022\/10\/SM_Diagramm-Klimaneutralitaet-2.png 1920w, https:\/\/www.schwarz-matt.com\/wp-content\/uploads\/2022\/10\/SM_Diagramm-Klimaneutralitaet-2-300x169.png 300w, https:\/\/www.schwarz-matt.com\/wp-content\/uploads\/2022\/10\/SM_Diagramm-Klimaneutralitaet-2-1024x576.png 1024w, https:\/\/www.schwarz-matt.com\/wp-content\/uploads\/2022\/10\/SM_Diagramm-Klimaneutralitaet-2-768x432.png 768w, https:\/\/www.schwarz-matt.com\/wp-content\/uploads\/2022\/10\/SM_Diagramm-Klimaneutralitaet-2-1536x864.png 1536w\" sizes=\"(max-width: 1920px) 100vw, 1920px\" \/>\t\t\t\t\t\t\t\t\t\t\t\t\t\t\t<\/div>\n\t\t\t\t<\/div>\n\t\t\t\t<\/div>\n\t\t<div class=\"elementor-element elementor-element-ccde830 e-con-full e-flex e-con e-parent\" data-id=\"ccde830\" data-element_type=\"container\" data-e-type=\"container\">\n\t\t\t\t<div class=\"elementor-element elementor-element-874e715 elementor-invisible elementor-widget elementor-widget-image\" data-id=\"874e715\" data-element_type=\"widget\" data-e-type=\"widget\" data-settings=\"{&quot;_animation&quot;:&quot;fadeIn&quot;,&quot;_animation_delay&quot;:100}\" data-widget_type=\"image.default\">\n\t\t\t\t<div class=\"elementor-widget-container\">\n\t\t\t\t\t\t\t\t\t\t\t\t\t\t\t<img decoding=\"async\" width=\"2560\" height=\"1920\" src=\"https:\/\/www.schwarz-matt.com\/wp-content\/uploads\/2022\/10\/1360_ClimatePartner_01-1-scaled.jpg\" class=\"attachment-full size-full wp-image-20896\" alt=\"\" srcset=\"https:\/\/www.schwarz-matt.com\/wp-content\/uploads\/2022\/10\/1360_ClimatePartner_01-1-scaled.jpg 2560w, https:\/\/www.schwarz-matt.com\/wp-content\/uploads\/2022\/10\/1360_ClimatePartner_01-1-300x225.jpg 300w, https:\/\/www.schwarz-matt.com\/wp-content\/uploads\/2022\/10\/1360_ClimatePartner_01-1-1024x768.jpg 1024w, https:\/\/www.schwarz-matt.com\/wp-content\/uploads\/2022\/10\/1360_ClimatePartner_01-1-768x576.jpg 768w, https:\/\/www.schwarz-matt.com\/wp-content\/uploads\/2022\/10\/1360_ClimatePartner_01-1-1536x1152.jpg 1536w, https:\/\/www.schwarz-matt.com\/wp-content\/uploads\/2022\/10\/1360_ClimatePartner_01-1-2048x1536.jpg 2048w\" sizes=\"(max-width: 2560px) 100vw, 2560px\" \/>\t\t\t\t\t\t\t\t\t\t\t\t\t\t\t<\/div>\n\t\t\t\t<\/div>\n\t\t\t\t<\/div>\n\t\t<div class=\"elementor-element elementor-element-2945bec e-con-full e-flex e-con e-parent\" data-id=\"2945bec\" data-element_type=\"container\" data-e-type=\"container\" data-settings=\"{&quot;background_background&quot;:&quot;classic&quot;}\">\n\t\t<div class=\"elementor-element elementor-element-3fdddd4 e-con-full e-flex e-con e-parent\" data-id=\"3fdddd4\" data-element_type=\"container\" data-e-type=\"container\">\n\t\t\t\t<div class=\"elementor-element elementor-element-f2a019c animated-slow elementor-widget-mobile__width-inherit elementor-widget__width-initial elementor-widget-tablet__width-inherit elementor-invisible elementor-widget elementor-widget-heading\" data-id=\"f2a019c\" data-element_type=\"widget\" data-e-type=\"widget\" data-settings=\"{&quot;_animation_delay&quot;:100,&quot;_animation&quot;:&quot;fadeIn&quot;}\" data-widget_type=\"heading.default\">\n\t\t\t\t<div class=\"elementor-widget-container\">\n\t\t\t\t\t<h2 class=\"elementor-heading-title elementor-size-default\">Was wir tun<\/h2>\t\t\t\t<\/div>\n\t\t\t\t<\/div>\n\t\t\t\t<\/div>\n\t\t<div class=\"elementor-element elementor-element-8a54cd3 e-con-full e-flex e-con e-parent\" data-id=\"8a54cd3\" data-element_type=\"container\" data-e-type=\"container\">\n\t\t\t\t<div class=\"elementor-element elementor-element-a055cd9 animated-slow elementor-widget-mobile__width-inherit elementor-widget__width-initial elementor-widget-tablet__width-inherit elementor-invisible elementor-widget elementor-widget-heading\" data-id=\"a055cd9\" data-element_type=\"widget\" data-e-type=\"widget\" data-settings=\"{&quot;_animation_delay&quot;:100,&quot;_animation&quot;:&quot;fadeIn&quot;}\" data-widget_type=\"heading.default\">\n\t\t\t\t<div class=\"elementor-widget-container\">\n\t\t\t\t\t<h3 class=\"elementor-heading-title elementor-size-default\">Sauberes Trinkwasser hilft Menschen und der Umwelt<\/h3>\t\t\t\t<\/div>\n\t\t\t\t<\/div>\n\t\t\t\t<div class=\"elementor-element elementor-element-8137e75 elementor-widget__width-initial elementor-widget-tablet__width-inherit elementor-invisible elementor-widget elementor-widget-text-editor\" data-id=\"8137e75\" data-element_type=\"widget\" data-e-type=\"widget\" data-settings=\"{&quot;_animation&quot;:&quot;fadeIn&quot;,&quot;_animation_delay&quot;:100}\" data-widget_type=\"text-editor.default\">\n\t\t\t\t<div class=\"elementor-widget-container\">\n\t\t\t\t\t\t\t\t\t<p>Wir wollen Verantwortung \u00fcbernehmen und einen ad\u00e4quaten Ausgleich zahlen. Mit unserem Klimaschutzprojekt setzen wir uns deshalb f\u00fcr sauberes Trinkwasser in Manica, Sofala und Tete Mosambik ein. Neben der Vermeidung oder der Reduktion von CO2-Emissionen ist der Ausgleich ein wichtiger Schritt im ganzheitlichen Klimaschutz. Unser Team wird aber auch dar\u00fcber hinaus jederzeit neue Ma\u00dfnahmen ergreifen oder Prozesse etablieren, die zur Minimierung unserer CO2-Bilanz beitragen.\u00a0<\/p>\t\t\t\t\t\t\t\t<\/div>\n\t\t\t\t<\/div>\n\t\t\t\t<\/div>\n\t\t<div class=\"elementor-element elementor-element-8c001f5 e-con-full e-flex e-con e-parent\" data-id=\"8c001f5\" data-element_type=\"container\" data-e-type=\"container\">\n\t\t\t\t<div class=\"elementor-element elementor-element-c516479 animated-slow elementor-widget-mobile__width-inherit elementor-widget__width-initial elementor-widget-tablet__width-inherit elementor-invisible elementor-widget elementor-widget-heading\" data-id=\"c516479\" data-element_type=\"widget\" data-e-type=\"widget\" data-settings=\"{&quot;_animation_delay&quot;:100,&quot;_animation&quot;:&quot;fadeIn&quot;}\" data-widget_type=\"heading.default\">\n\t\t\t\t<div class=\"elementor-widget-container\">\n\t\t\t\t\t<h3 class=\"elementor-heading-title elementor-size-default\">Wir haben insgesamt 49.051 kg CO2 kompensiert<\/h3>\t\t\t\t<\/div>\n\t\t\t\t<\/div>\n\t\t\t\t<div class=\"elementor-element elementor-element-0500f49 elementor-widget__width-initial elementor-widget-tablet__width-inherit elementor-invisible elementor-widget elementor-widget-text-editor\" data-id=\"0500f49\" data-element_type=\"widget\" data-e-type=\"widget\" data-settings=\"{&quot;_animation&quot;:&quot;fadeIn&quot;,&quot;_animation_delay&quot;:100}\" data-widget_type=\"text-editor.default\">\n\t\t\t\t<div class=\"elementor-widget-container\">\n\t\t\t\t\t\t\t\t\t<p>Das Trinkwasserprojekt in Afrika verschafft etwa 102.000 zus\u00e4tzlichen Einwohner:innen in den Provinzen Tete, Sofala und Manica in Zentralmosambik Zugang zu sauberem Trinkwasser \u2013 durch Reparatur und Installierung von Brunnenanlagen. Durch die Bereitstellung sauberen Wassers wird die Notwendigkeit der Wasseraufbereitung an offenen Feuerstellen in den Haushalten redundant. Das wiederum verringert die Kohlendioxidemissionen, die durch den Verbrennungsprozess (meist von Holz) entstehen. Au\u00dferdem werden Krankheiten vermieden, welche durch die Luftverschmutzung an offenen Feuerstellen verursacht werden und denen vor allem Frauen und Kinder h\u00e4ufig ausgesetzt sind. Gemeinsam mit lokalen NGOs ermittelt das Projekt Gemeinden, die neue Brunnen oder Reparaturen an Brunnen ben\u00f6tigen, und stellt die Wasserqualit\u00e4t des gewonnenen Wassers sicher.<\/p>\t\t\t\t\t\t\t\t<\/div>\n\t\t\t\t<\/div>\n\t\t\t\t<\/div>\n\t\t\t\t<\/div>\n\t\t\t\t<\/div>\n\t\t","protected":false},"excerpt":{"rendered":"<p>Klimaneutral Weil wir Verant&shy;wortung tragen Als digitale Branding- und Designagentur denken wir heute immer schon an morgen.\u00a0 Unsere Mission? Marken f\u00fcr Morgen gestalten. Deswegen ist es f\u00fcr uns selbstverst\u00e4ndlich, heute schon etwas daf\u00fcr zu tun, dass diese Zukunft es auch Wert ist.\u00a0 Das Klima betrifft uns alle. Je fr\u00fcher wir das verstehen, desto besser f\u00fcr [&hellip;]<\/p>\n","protected":false},"author":3,"featured_media":0,"parent":17,"menu_order":0,"comment_status":"closed","ping_status":"closed","template":"","meta":{"footnotes":""},"class_list":["post-20885","page","type-page","status-publish","hentry"],"yoast_head":"<!-- This site is optimized with the Yoast SEO Premium plugin v27.3 (Yoast SEO v27.5) - https:\/\/yoast.com\/product\/yoast-seo-premium-wordpress\/ -->\n<title>Klimaneutrale Agentur aus Dortmund - Schwarz+Matt<\/title>\n<meta name=\"description\" content=\"Schwarz+Matt ist die klimaneutrale Agentur aus Dortmund. Mit Climate Partner unterst\u00fctzen wir eine Aktion f\u00fcr sauberes Trinkwasser in Afrika.\" \/>\n<meta name=\"robots\" content=\"index, follow, max-snippet:-1, max-image-preview:large, max-video-preview:-1\" \/>\n<link rel=\"canonical\" href=\"https:\/\/www.schwarz-matt.com\/de\/ueber-uns\/klimaneutral\/\" \/>\n<meta property=\"og:locale\" content=\"de_DE\" \/>\n<meta property=\"og:type\" content=\"article\" \/>\n<meta property=\"og:title\" content=\"Klimaneutral\" \/>\n<meta property=\"og:description\" content=\"Schwarz+Matt ist die klimaneutrale Agentur aus Dortmund. Mit Climate Partner unterst\u00fctzen wir eine Aktion f\u00fcr sauberes Trinkwasser in Afrika.\" \/>\n<meta property=\"og:url\" content=\"https:\/\/www.schwarz-matt.com\/de\/ueber-uns\/klimaneutral\/\" \/>\n<meta property=\"og:site_name\" content=\"Schwarz+Matt\" \/>\n<meta property=\"article:modified_time\" content=\"2023-08-16T10:01:38+00:00\" \/>\n<meta property=\"og:image\" content=\"https:\/\/www.schwarz-matt.com\/wp-content\/uploads\/2022\/10\/1360_ClimatePartner_20-scaled.jpg\" \/>\n<meta name=\"twitter:card\" content=\"summary_large_image\" \/>\n<meta name=\"twitter:label1\" content=\"Gesch\u00e4tzte Lesezeit\" \/>\n\t<meta name=\"twitter:data1\" content=\"17\u00a0Minuten\" \/>\n<script type=\"application\/ld+json\" class=\"yoast-schema-graph\">{\"@context\":\"https:\\\/\\\/schema.org\",\"@graph\":[{\"@type\":\"WebPage\",\"@id\":\"https:\\\/\\\/www.schwarz-matt.com\\\/de\\\/ueber-uns\\\/klimaneutral\\\/\",\"url\":\"https:\\\/\\\/www.schwarz-matt.com\\\/de\\\/ueber-uns\\\/klimaneutral\\\/\",\"name\":\"Klimaneutrale Agentur aus Dortmund - Schwarz+Matt\",\"isPartOf\":{\"@id\":\"https:\\\/\\\/www.schwarz-matt.com\\\/de\\\/#website\"},\"primaryImageOfPage\":{\"@id\":\"https:\\\/\\\/www.schwarz-matt.com\\\/de\\\/ueber-uns\\\/klimaneutral\\\/#primaryimage\"},\"image\":{\"@id\":\"https:\\\/\\\/www.schwarz-matt.com\\\/de\\\/ueber-uns\\\/klimaneutral\\\/#primaryimage\"},\"thumbnailUrl\":\"https:\\\/\\\/www.schwarz-matt.com\\\/wp-content\\\/uploads\\\/2022\\\/10\\\/1360_ClimatePartner_20-scaled.jpg\",\"datePublished\":\"2022-10-07T14:39:09+00:00\",\"dateModified\":\"2023-08-16T10:01:38+00:00\",\"description\":\"Schwarz+Matt ist die klimaneutrale Agentur aus Dortmund. Mit Climate Partner unterst\u00fctzen wir eine Aktion f\u00fcr sauberes Trinkwasser in Afrika.\",\"breadcrumb\":{\"@id\":\"https:\\\/\\\/www.schwarz-matt.com\\\/de\\\/ueber-uns\\\/klimaneutral\\\/#breadcrumb\"},\"inLanguage\":\"de\",\"potentialAction\":[{\"@type\":\"ReadAction\",\"target\":[\"https:\\\/\\\/www.schwarz-matt.com\\\/de\\\/ueber-uns\\\/klimaneutral\\\/\"]}]},{\"@type\":\"ImageObject\",\"inLanguage\":\"de\",\"@id\":\"https:\\\/\\\/www.schwarz-matt.com\\\/de\\\/ueber-uns\\\/klimaneutral\\\/#primaryimage\",\"url\":\"https:\\\/\\\/www.schwarz-matt.com\\\/wp-content\\\/uploads\\\/2022\\\/10\\\/1360_ClimatePartner_20-scaled.jpg\",\"contentUrl\":\"https:\\\/\\\/www.schwarz-matt.com\\\/wp-content\\\/uploads\\\/2022\\\/10\\\/1360_ClimatePartner_20-scaled.jpg\"},{\"@type\":\"BreadcrumbList\",\"@id\":\"https:\\\/\\\/www.schwarz-matt.com\\\/de\\\/ueber-uns\\\/klimaneutral\\\/#breadcrumb\",\"itemListElement\":[{\"@type\":\"ListItem\",\"position\":1,\"name\":\"Startseite\",\"item\":\"https:\\\/\\\/www.schwarz-matt.com\\\/de\\\/\"},{\"@type\":\"ListItem\",\"position\":2,\"name\":\"\u00dcber uns\",\"item\":\"https:\\\/\\\/www.schwarz-matt.com\\\/de\\\/ueber-uns\\\/\"},{\"@type\":\"ListItem\",\"position\":3,\"name\":\"Klimaneutral\"}]},{\"@type\":\"WebSite\",\"@id\":\"https:\\\/\\\/www.schwarz-matt.com\\\/de\\\/#website\",\"url\":\"https:\\\/\\\/www.schwarz-matt.com\\\/de\\\/\",\"name\":\"Schwarz+Matt\",\"description\":\"Marken f\u00fcr Morgen\",\"publisher\":{\"@id\":\"https:\\\/\\\/www.schwarz-matt.com\\\/de\\\/#organization\"},\"potentialAction\":[{\"@type\":\"SearchAction\",\"target\":{\"@type\":\"EntryPoint\",\"urlTemplate\":\"https:\\\/\\\/www.schwarz-matt.com\\\/de\\\/?s={search_term_string}\"},\"query-input\":{\"@type\":\"PropertyValueSpecification\",\"valueRequired\":true,\"valueName\":\"search_term_string\"}}],\"inLanguage\":\"de\"},{\"@type\":\"Organization\",\"@id\":\"https:\\\/\\\/www.schwarz-matt.com\\\/de\\\/#organization\",\"name\":\"Schwarz+Matt\",\"url\":\"https:\\\/\\\/www.schwarz-matt.com\\\/de\\\/\",\"logo\":{\"@type\":\"ImageObject\",\"inLanguage\":\"de\",\"@id\":\"https:\\\/\\\/www.schwarz-matt.com\\\/de\\\/#\\\/schema\\\/logo\\\/image\\\/\",\"url\":\"https:\\\/\\\/www.schwarz-matt.com\\\/wp-content\\\/uploads\\\/2021\\\/10\\\/schwarzmatt-logo.svg\",\"contentUrl\":\"https:\\\/\\\/www.schwarz-matt.com\\\/wp-content\\\/uploads\\\/2021\\\/10\\\/schwarzmatt-logo.svg\",\"width\":209,\"height\":24,\"caption\":\"Schwarz+Matt\"},\"image\":{\"@id\":\"https:\\\/\\\/www.schwarz-matt.com\\\/de\\\/#\\\/schema\\\/logo\\\/image\\\/\"},\"sameAs\":[\"https:\\\/\\\/www.instagram.com\\\/schwarzundmatt\\\/\",\"https:\\\/\\\/www.linkedin.com\\\/company\\\/10777030\\\/\"]}]}<\/script>\n<!-- \/ Yoast SEO Premium plugin. -->","yoast_head_json":{"title":"Klimaneutrale Agentur aus Dortmund - Schwarz+Matt","description":"Schwarz+Matt ist die klimaneutrale Agentur aus Dortmund. Mit Climate Partner unterst\u00fctzen wir eine Aktion f\u00fcr sauberes Trinkwasser in Afrika.","robots":{"index":"index","follow":"follow","max-snippet":"max-snippet:-1","max-image-preview":"max-image-preview:large","max-video-preview":"max-video-preview:-1"},"canonical":"https:\/\/www.schwarz-matt.com\/de\/ueber-uns\/klimaneutral\/","og_locale":"de_DE","og_type":"article","og_title":"Klimaneutral","og_description":"Schwarz+Matt ist die klimaneutrale Agentur aus Dortmund. Mit Climate Partner unterst\u00fctzen wir eine Aktion f\u00fcr sauberes Trinkwasser in Afrika.","og_url":"https:\/\/www.schwarz-matt.com\/de\/ueber-uns\/klimaneutral\/","og_site_name":"Schwarz+Matt","article_modified_time":"2023-08-16T10:01:38+00:00","og_image":[{"url":"https:\/\/www.schwarz-matt.com\/wp-content\/uploads\/2022\/10\/1360_ClimatePartner_20-scaled.jpg","type":"","width":"","height":""}],"twitter_card":"summary_large_image","twitter_misc":{"Gesch\u00e4tzte Lesezeit":"17\u00a0Minuten"},"schema":{"@context":"https:\/\/schema.org","@graph":[{"@type":"WebPage","@id":"https:\/\/www.schwarz-matt.com\/de\/ueber-uns\/klimaneutral\/","url":"https:\/\/www.schwarz-matt.com\/de\/ueber-uns\/klimaneutral\/","name":"Klimaneutrale Agentur aus Dortmund - Schwarz+Matt","isPartOf":{"@id":"https:\/\/www.schwarz-matt.com\/de\/#website"},"primaryImageOfPage":{"@id":"https:\/\/www.schwarz-matt.com\/de\/ueber-uns\/klimaneutral\/#primaryimage"},"image":{"@id":"https:\/\/www.schwarz-matt.com\/de\/ueber-uns\/klimaneutral\/#primaryimage"},"thumbnailUrl":"https:\/\/www.schwarz-matt.com\/wp-content\/uploads\/2022\/10\/1360_ClimatePartner_20-scaled.jpg","datePublished":"2022-10-07T14:39:09+00:00","dateModified":"2023-08-16T10:01:38+00:00","description":"Schwarz+Matt ist die klimaneutrale Agentur aus Dortmund. Mit Climate Partner unterst\u00fctzen wir eine Aktion f\u00fcr sauberes Trinkwasser in Afrika.","breadcrumb":{"@id":"https:\/\/www.schwarz-matt.com\/de\/ueber-uns\/klimaneutral\/#breadcrumb"},"inLanguage":"de","potentialAction":[{"@type":"ReadAction","target":["https:\/\/www.schwarz-matt.com\/de\/ueber-uns\/klimaneutral\/"]}]},{"@type":"ImageObject","inLanguage":"de","@id":"https:\/\/www.schwarz-matt.com\/de\/ueber-uns\/klimaneutral\/#primaryimage","url":"https:\/\/www.schwarz-matt.com\/wp-content\/uploads\/2022\/10\/1360_ClimatePartner_20-scaled.jpg","contentUrl":"https:\/\/www.schwarz-matt.com\/wp-content\/uploads\/2022\/10\/1360_ClimatePartner_20-scaled.jpg"},{"@type":"BreadcrumbList","@id":"https:\/\/www.schwarz-matt.com\/de\/ueber-uns\/klimaneutral\/#breadcrumb","itemListElement":[{"@type":"ListItem","position":1,"name":"Startseite","item":"https:\/\/www.schwarz-matt.com\/de\/"},{"@type":"ListItem","position":2,"name":"\u00dcber uns","item":"https:\/\/www.schwarz-matt.com\/de\/ueber-uns\/"},{"@type":"ListItem","position":3,"name":"Klimaneutral"}]},{"@type":"WebSite","@id":"https:\/\/www.schwarz-matt.com\/de\/#website","url":"https:\/\/www.schwarz-matt.com\/de\/","name":"Schwarz+Matt","description":"Marken f\u00fcr Morgen","publisher":{"@id":"https:\/\/www.schwarz-matt.com\/de\/#organization"},"potentialAction":[{"@type":"SearchAction","target":{"@type":"EntryPoint","urlTemplate":"https:\/\/www.schwarz-matt.com\/de\/?s={search_term_string}"},"query-input":{"@type":"PropertyValueSpecification","valueRequired":true,"valueName":"search_term_string"}}],"inLanguage":"de"},{"@type":"Organization","@id":"https:\/\/www.schwarz-matt.com\/de\/#organization","name":"Schwarz+Matt","url":"https:\/\/www.schwarz-matt.com\/de\/","logo":{"@type":"ImageObject","inLanguage":"de","@id":"https:\/\/www.schwarz-matt.com\/de\/#\/schema\/logo\/image\/","url":"https:\/\/www.schwarz-matt.com\/wp-content\/uploads\/2021\/10\/schwarzmatt-logo.svg","contentUrl":"https:\/\/www.schwarz-matt.com\/wp-content\/uploads\/2021\/10\/schwarzmatt-logo.svg","width":209,"height":24,"caption":"Schwarz+Matt"},"image":{"@id":"https:\/\/www.schwarz-matt.com\/de\/#\/schema\/logo\/image\/"},"sameAs":["https:\/\/www.instagram.com\/schwarzundmatt\/","https:\/\/www.linkedin.com\/company\/10777030\/"]}]}},"_links":{"self":[{"href":"https:\/\/www.schwarz-matt.com\/de\/wp-json\/wp\/v2\/pages\/20885","targetHints":{"allow":["GET"]}}],"collection":[{"href":"https:\/\/www.schwarz-matt.com\/de\/wp-json\/wp\/v2\/pages"}],"about":[{"href":"https:\/\/www.schwarz-matt.com\/de\/wp-json\/wp\/v2\/types\/page"}],"author":[{"embeddable":true,"href":"https:\/\/www.schwarz-matt.com\/de\/wp-json\/wp\/v2\/users\/3"}],"replies":[{"embeddable":true,"href":"https:\/\/www.schwarz-matt.com\/de\/wp-json\/wp\/v2\/comments?post=20885"}],"version-history":[{"count":0,"href":"https:\/\/www.schwarz-matt.com\/de\/wp-json\/wp\/v2\/pages\/20885\/revisions"}],"up":[{"embeddable":true,"href":"https:\/\/www.schwarz-matt.com\/de\/wp-json\/wp\/v2\/pages\/17"}],"wp:attachment":[{"href":"https:\/\/www.schwarz-matt.com\/de\/wp-json\/wp\/v2\/media?parent=20885"}],"curies":[{"name":"wp","href":"https:\/\/api.w.org\/{rel}","templated":true}]}}